{"id":3505,"date":"2023-06-04T09:06:56","date_gmt":"2023-06-04T09:06:56","guid":{"rendered":"http:\/\/192.168.0.6\/kester\/?page_id=26"},"modified":"2026-01-15T10:45:22","modified_gmt":"2026-01-15T09:45:22","slug":"druzyna","status":"publish","type":"page","link":"https:\/\/activeteam.zmm-maxpol.pl\/en\/druzyna\/","title":{"rendered":"Dru\u017cyna"},"content":{"rendered":"\t\t<div data-elementor-type=\"wp-page\" data-elementor-id=\"3505\" class=\"elementor elementor-3505\">\n\t\t\t\t<div class=\"elementor-element elementor-element-4530c97 e-flex e-con-boxed e-con e-parent\" data-id=\"4530c97\" data-element_type=\"container\" data-e-type=\"container\">\n\t\t\t\t\t<div class=\"e-con-inner\">\n\t\t\t\t<div class=\"elementor-element elementor-element-7187923 elementor-widget elementor-widget-image\" data-id=\"7187923\" data-element_type=\"widget\" data-e-type=\"widget\" data-widget_type=\"image.default\">\n\t\t\t\t<div class=\"elementor-widget-container\">\n\t\t\t\t\t\t\t\t\t\t\t\t<figure class=\"wp-caption\">\n\t\t\t\t\t\t\t\t\t\t<img fetchpriority=\"high\" decoding=\"async\" width=\"2500\" height=\"1406\" src=\"https:\/\/activeteam.zmm-maxpol.pl\/wp-content\/uploads\/sites\/2\/2026\/01\/1-17.jpg\" class=\"attachment-full size-full wp-image-4680\" alt=\"\" srcset=\"https:\/\/activeteam.zmm-maxpol.pl\/wp-content\/uploads\/sites\/2\/2026\/01\/1-17.jpg 2500w, https:\/\/activeteam.zmm-maxpol.pl\/wp-content\/uploads\/sites\/2\/2026\/01\/1-17-300x169.jpg 300w, https:\/\/activeteam.zmm-maxpol.pl\/wp-content\/uploads\/sites\/2\/2026\/01\/1-17-1024x576.jpg 1024w, https:\/\/activeteam.zmm-maxpol.pl\/wp-content\/uploads\/sites\/2\/2026\/01\/1-17-768x432.jpg 768w, https:\/\/activeteam.zmm-maxpol.pl\/wp-content\/uploads\/sites\/2\/2026\/01\/1-17-1536x864.jpg 1536w, https:\/\/activeteam.zmm-maxpol.pl\/wp-content\/uploads\/sites\/2\/2026\/01\/1-17-2048x1152.jpg 2048w, https:\/\/activeteam.zmm-maxpol.pl\/wp-content\/uploads\/sites\/2\/2026\/01\/1-17-128x72.jpg 128w, https:\/\/activeteam.zmm-maxpol.pl\/wp-content\/uploads\/sites\/2\/2026\/01\/1-17-32x18.jpg 32w\" sizes=\"(max-width: 2500px) 100vw, 2500px\" \/>\t\t\t\t\t\t\t\t\t\t\t<figcaption class=\"widget-image-caption wp-caption-text\">ZMM MAXPOL 2025\/2026<\/figcaption>\n\t\t\t\t\t\t\t\t\t\t<\/figure>\n\t\t\t\t\t\t\t\t\t<\/div>\n\t\t\t\t<\/div>\n\t\t\t\t\t<\/div>\n\t\t\t\t<\/div>\n\t\t<div class=\"elementor-element elementor-element-04f4b08 e-flex e-con-boxed e-con e-parent\" data-id=\"04f4b08\" data-element_type=\"container\" data-e-type=\"container\">\n\t\t\t\t\t<div class=\"e-con-inner\">\n\t\t\t\t<div class=\"elementor-element elementor-element-e9b59c7 elementor-widget elementor-widget-rt-team-member\" data-id=\"e9b59c7\" data-element_type=\"widget\" data-e-type=\"widget\" data-widget_type=\"rt-team-member.default\">\n\t\t\t\t<div class=\"elementor-widget-container\">\n\t\t\t\t\t\t\n\t\t\n\t<div class=\"rs-team-grid rts-team-section rs-team team-grid-style1  rsaddon_pro_box\">\n    <div class=\"team-section-inner inner\">\n                <div class=\"row \">\n            \n                <div class=\"col-xl-3 col-md-4 col-sm-6\">\n                    <div class=\"team-wraper\">\n                        <div class=\"player-card\">\n                            <a class=\"image\" href=\"https:\/\/activeteam.zmm-maxpol.pl\/en\/zawodnicy\/karol-wierzbicki\/\">\n                                <img decoding=\"async\" width=\"640\" height=\"800\" src=\"https:\/\/activeteam.zmm-maxpol.pl\/wp-content\/uploads\/sites\/2\/2026\/01\/Wierzbicki-1-819x1024.jpg\" class=\"attachment-large size-large wp-post-image\" alt=\"\" srcset=\"https:\/\/activeteam.zmm-maxpol.pl\/wp-content\/uploads\/sites\/2\/2026\/01\/Wierzbicki-1-819x1024.jpg 819w, https:\/\/activeteam.zmm-maxpol.pl\/wp-content\/uploads\/sites\/2\/2026\/01\/Wierzbicki-1-240x300.jpg 240w, https:\/\/activeteam.zmm-maxpol.pl\/wp-content\/uploads\/sites\/2\/2026\/01\/Wierzbicki-1-768x960.jpg 768w, https:\/\/activeteam.zmm-maxpol.pl\/wp-content\/uploads\/sites\/2\/2026\/01\/Wierzbicki-1-1229x1536.jpg 1229w, https:\/\/activeteam.zmm-maxpol.pl\/wp-content\/uploads\/sites\/2\/2026\/01\/Wierzbicki-1-1638x2048.jpg 1638w, https:\/\/activeteam.zmm-maxpol.pl\/wp-content\/uploads\/sites\/2\/2026\/01\/Wierzbicki-1-102x128.jpg 102w, https:\/\/activeteam.zmm-maxpol.pl\/wp-content\/uploads\/sites\/2\/2026\/01\/Wierzbicki-1-26x32.jpg 26w, https:\/\/activeteam.zmm-maxpol.pl\/wp-content\/uploads\/sites\/2\/2026\/01\/Wierzbicki-1.jpg 2000w\" sizes=\"(max-width: 640px) 100vw, 640px\" \/>                            <\/a>\n                                                            <div class=\"number\">77<\/div>\n                            \n                                                    <\/div>\n                        <div class=\"profile\">\n                            <p class=\"position\">Bramkarz<\/p>                            <a href=\"https:\/\/activeteam.zmm-maxpol.pl\/en\/zawodnicy\/karol-wierzbicki\/\" class=\"name\">Karol Wierzbicki<\/a>\n                        <\/div>\n                    <\/div>\n                <\/div>\n            \n                <div class=\"col-xl-3 col-md-4 col-sm-6\">\n                    <div class=\"team-wraper\">\n                        <div class=\"player-card\">\n                            <a class=\"image\" href=\"https:\/\/activeteam.zmm-maxpol.pl\/en\/zawodnicy\/krystian-ostrowski\/\">\n                                <img decoding=\"async\" width=\"640\" height=\"800\" src=\"https:\/\/activeteam.zmm-maxpol.pl\/wp-content\/uploads\/sites\/2\/2026\/01\/Ostrowski-to-819x1024.jpg\" class=\"attachment-large size-large wp-post-image\" alt=\"\" srcset=\"https:\/\/activeteam.zmm-maxpol.pl\/wp-content\/uploads\/sites\/2\/2026\/01\/Ostrowski-to-819x1024.jpg 819w, https:\/\/activeteam.zmm-maxpol.pl\/wp-content\/uploads\/sites\/2\/2026\/01\/Ostrowski-to-240x300.jpg 240w, https:\/\/activeteam.zmm-maxpol.pl\/wp-content\/uploads\/sites\/2\/2026\/01\/Ostrowski-to-768x960.jpg 768w, https:\/\/activeteam.zmm-maxpol.pl\/wp-content\/uploads\/sites\/2\/2026\/01\/Ostrowski-to-102x128.jpg 102w, https:\/\/activeteam.zmm-maxpol.pl\/wp-content\/uploads\/sites\/2\/2026\/01\/Ostrowski-to-26x32.jpg 26w, https:\/\/activeteam.zmm-maxpol.pl\/wp-content\/uploads\/sites\/2\/2026\/01\/Ostrowski-to.jpg 1021w\" sizes=\"(max-width: 640px) 100vw, 640px\" \/>                            <\/a>\n                                                            <div class=\"number\">25<\/div>\n                            \n                                                    <\/div>\n                        <div class=\"profile\">\n                            <p class=\"position\">Bramkarz<\/p>                            <a href=\"https:\/\/activeteam.zmm-maxpol.pl\/en\/zawodnicy\/krystian-ostrowski\/\" class=\"name\">Krystian Ostrowski<\/a>\n                        <\/div>\n                    <\/div>\n                <\/div>\n            \n                <div class=\"col-xl-3 col-md-4 col-sm-6\">\n                    <div class=\"team-wraper\">\n                        <div class=\"player-card\">\n                            <a class=\"image\" href=\"https:\/\/activeteam.zmm-maxpol.pl\/en\/zawodnicy\/dominik-niemczyk\/\">\n                                <img loading=\"lazy\" decoding=\"async\" width=\"640\" height=\"800\" src=\"https:\/\/activeteam.zmm-maxpol.pl\/wp-content\/uploads\/sites\/2\/2026\/01\/Niemczyk-819x1024.png\" class=\"attachment-large size-large wp-post-image\" alt=\"\" srcset=\"https:\/\/activeteam.zmm-maxpol.pl\/wp-content\/uploads\/sites\/2\/2026\/01\/Niemczyk-819x1024.png 819w, https:\/\/activeteam.zmm-maxpol.pl\/wp-content\/uploads\/sites\/2\/2026\/01\/Niemczyk-240x300.png 240w, https:\/\/activeteam.zmm-maxpol.pl\/wp-content\/uploads\/sites\/2\/2026\/01\/Niemczyk-768x960.png 768w, https:\/\/activeteam.zmm-maxpol.pl\/wp-content\/uploads\/sites\/2\/2026\/01\/Niemczyk-1229x1536.png 1229w, https:\/\/activeteam.zmm-maxpol.pl\/wp-content\/uploads\/sites\/2\/2026\/01\/Niemczyk-1638x2048.png 1638w, https:\/\/activeteam.zmm-maxpol.pl\/wp-content\/uploads\/sites\/2\/2026\/01\/Niemczyk-102x128.png 102w, https:\/\/activeteam.zmm-maxpol.pl\/wp-content\/uploads\/sites\/2\/2026\/01\/Niemczyk-26x32.png 26w, https:\/\/activeteam.zmm-maxpol.pl\/wp-content\/uploads\/sites\/2\/2026\/01\/Niemczyk.png 2000w\" sizes=\"(max-width: 640px) 100vw, 640px\" \/>                            <\/a>\n                                                            <div class=\"number\">1<\/div>\n                            \n                                                    <\/div>\n                        <div class=\"profile\">\n                            <p class=\"position\">Bramkarz<\/p>                            <a href=\"https:\/\/activeteam.zmm-maxpol.pl\/en\/zawodnicy\/dominik-niemczyk\/\" class=\"name\">Dominik Niemczyk<\/a>\n                        <\/div>\n                    <\/div>\n                <\/div>\n            \n                <div class=\"col-xl-3 col-md-4 col-sm-6\">\n                    <div class=\"team-wraper\">\n                        <div class=\"player-card\">\n                            <a class=\"image\" href=\"https:\/\/activeteam.zmm-maxpol.pl\/en\/zawodnicy\/grzegorz-magdon\/\">\n                                <img loading=\"lazy\" decoding=\"async\" width=\"420\" height=\"525\" src=\"https:\/\/activeteam.zmm-maxpol.pl\/wp-content\/uploads\/sites\/2\/2025\/01\/Magdon.png\" class=\"attachment-large size-large wp-post-image\" alt=\"\" srcset=\"https:\/\/activeteam.zmm-maxpol.pl\/wp-content\/uploads\/sites\/2\/2025\/01\/Magdon.png 420w, https:\/\/activeteam.zmm-maxpol.pl\/wp-content\/uploads\/sites\/2\/2025\/01\/Magdon-240x300.png 240w, https:\/\/activeteam.zmm-maxpol.pl\/wp-content\/uploads\/sites\/2\/2025\/01\/Magdon-102x128.png 102w, https:\/\/activeteam.zmm-maxpol.pl\/wp-content\/uploads\/sites\/2\/2025\/01\/Magdon-26x32.png 26w\" sizes=\"(max-width: 420px) 100vw, 420px\" \/>                            <\/a>\n                                                            <div class=\"number\">69<\/div>\n                            \n                                                    <\/div>\n                        <div class=\"profile\">\n                            <p class=\"position\">Bramkarz<\/p>                            <a href=\"https:\/\/activeteam.zmm-maxpol.pl\/en\/zawodnicy\/grzegorz-magdon\/\" class=\"name\">Grzegorz Magdo\u0144<\/a>\n                        <\/div>\n                    <\/div>\n                <\/div>\n                    <\/div>\n    <\/div>\n<\/div>\t\t\t\t<\/div>\n\t\t\t\t<\/div>\n\t\t\t\t\t<\/div>\n\t\t\t\t<\/div>\n\t\t<div class=\"elementor-element elementor-element-0422931 e-flex e-con-boxed e-con e-parent\" data-id=\"0422931\" data-element_type=\"container\" data-e-type=\"container\">\n\t\t\t\t\t<div class=\"e-con-inner\">\n\t\t\t\t<div class=\"elementor-element elementor-element-3e1d056 elementor-widget elementor-widget-rt-team-member\" data-id=\"3e1d056\" data-element_type=\"widget\" data-e-type=\"widget\" data-widget_type=\"rt-team-member.default\">\n\t\t\t\t<div class=\"elementor-widget-container\">\n\t\t\t\t\t\t\n\t\t\n\t<div class=\"rs-team-grid rts-team-section rs-team team-grid-style1  rsaddon_pro_box\">\n    <div class=\"team-section-inner inner\">\n                <div class=\"row \">\n            \n                <div class=\"col-xl-3 col-md-4 col-sm-6\">\n                    <div class=\"team-wraper\">\n                        <div class=\"player-card\">\n                            <a class=\"image\" href=\"https:\/\/activeteam.zmm-maxpol.pl\/en\/zawodnicy\/dawid-iskra\/\">\n                                <img loading=\"lazy\" decoding=\"async\" width=\"640\" height=\"800\" src=\"https:\/\/activeteam.zmm-maxpol.pl\/wp-content\/uploads\/sites\/2\/2025\/01\/Dawid2-min-819x1024.png\" class=\"attachment-large size-large wp-post-image\" alt=\"\" srcset=\"https:\/\/activeteam.zmm-maxpol.pl\/wp-content\/uploads\/sites\/2\/2025\/01\/Dawid2-min-819x1024.png 819w, https:\/\/activeteam.zmm-maxpol.pl\/wp-content\/uploads\/sites\/2\/2025\/01\/Dawid2-min-240x300.png 240w, https:\/\/activeteam.zmm-maxpol.pl\/wp-content\/uploads\/sites\/2\/2025\/01\/Dawid2-min-768x960.png 768w, https:\/\/activeteam.zmm-maxpol.pl\/wp-content\/uploads\/sites\/2\/2025\/01\/Dawid2-min-102x128.png 102w, https:\/\/activeteam.zmm-maxpol.pl\/wp-content\/uploads\/sites\/2\/2025\/01\/Dawid2-min-26x32.png 26w, https:\/\/activeteam.zmm-maxpol.pl\/wp-content\/uploads\/sites\/2\/2025\/01\/Dawid2-min.png 1200w\" sizes=\"(max-width: 640px) 100vw, 640px\" \/>                            <\/a>\n                                                            <div class=\"number\">16<\/div>\n                            \n                                                    <\/div>\n                        <div class=\"profile\">\n                            <p class=\"position\">Zawodnik<\/p>                            <a href=\"https:\/\/activeteam.zmm-maxpol.pl\/en\/zawodnicy\/dawid-iskra\/\" class=\"name\">Dawid Iskra<\/a>\n                        <\/div>\n                    <\/div>\n                <\/div>\n            \n                <div class=\"col-xl-3 col-md-4 col-sm-6\">\n                    <div class=\"team-wraper\">\n                        <div class=\"player-card\">\n                            <a class=\"image\" href=\"https:\/\/activeteam.zmm-maxpol.pl\/en\/zawodnicy\/jan-iskra\/\">\n                                <img loading=\"lazy\" decoding=\"async\" width=\"640\" height=\"800\" src=\"https:\/\/activeteam.zmm-maxpol.pl\/wp-content\/uploads\/sites\/2\/2005\/04\/Jan-Iskra-min-819x1024.png\" class=\"attachment-large size-large wp-post-image\" alt=\"\" srcset=\"https:\/\/activeteam.zmm-maxpol.pl\/wp-content\/uploads\/sites\/2\/2005\/04\/Jan-Iskra-min-819x1024.png 819w, https:\/\/activeteam.zmm-maxpol.pl\/wp-content\/uploads\/sites\/2\/2005\/04\/Jan-Iskra-min-240x300.png 240w, https:\/\/activeteam.zmm-maxpol.pl\/wp-content\/uploads\/sites\/2\/2005\/04\/Jan-Iskra-min-768x960.png 768w, https:\/\/activeteam.zmm-maxpol.pl\/wp-content\/uploads\/sites\/2\/2005\/04\/Jan-Iskra-min-1229x1536.png 1229w, https:\/\/activeteam.zmm-maxpol.pl\/wp-content\/uploads\/sites\/2\/2005\/04\/Jan-Iskra-min-1638x2048.png 1638w, https:\/\/activeteam.zmm-maxpol.pl\/wp-content\/uploads\/sites\/2\/2005\/04\/Jan-Iskra-min-102x128.png 102w, https:\/\/activeteam.zmm-maxpol.pl\/wp-content\/uploads\/sites\/2\/2005\/04\/Jan-Iskra-min-26x32.png 26w, https:\/\/activeteam.zmm-maxpol.pl\/wp-content\/uploads\/sites\/2\/2005\/04\/Jan-Iskra-min.png 2000w\" sizes=\"(max-width: 640px) 100vw, 640px\" \/>                            <\/a>\n                                                            <div class=\"number\">7<\/div>\n                            \n                                                    <\/div>\n                        <div class=\"profile\">\n                            <p class=\"position\">Zawodnik<\/p>                            <a href=\"https:\/\/activeteam.zmm-maxpol.pl\/en\/zawodnicy\/jan-iskra\/\" class=\"name\">Jan Iskra<\/a>\n                        <\/div>\n                    <\/div>\n                <\/div>\n            \n                <div class=\"col-xl-3 col-md-4 col-sm-6\">\n                    <div class=\"team-wraper\">\n                        <div class=\"player-card\">\n                            <a class=\"image\" href=\"https:\/\/activeteam.zmm-maxpol.pl\/en\/zawodnicy\/mateusz-szaszowski\/\">\n                                <img loading=\"lazy\" decoding=\"async\" width=\"640\" height=\"799\" src=\"https:\/\/activeteam.zmm-maxpol.pl\/wp-content\/uploads\/sites\/2\/1998\/12\/Szaszowski-min-820x1024.png\" class=\"attachment-large size-large wp-post-image\" alt=\"\" srcset=\"https:\/\/activeteam.zmm-maxpol.pl\/wp-content\/uploads\/sites\/2\/1998\/12\/Szaszowski-min-820x1024.png 820w, https:\/\/activeteam.zmm-maxpol.pl\/wp-content\/uploads\/sites\/2\/1998\/12\/Szaszowski-min-240x300.png 240w, https:\/\/activeteam.zmm-maxpol.pl\/wp-content\/uploads\/sites\/2\/1998\/12\/Szaszowski-min-768x960.png 768w, https:\/\/activeteam.zmm-maxpol.pl\/wp-content\/uploads\/sites\/2\/1998\/12\/Szaszowski-min-1229x1536.png 1229w, https:\/\/activeteam.zmm-maxpol.pl\/wp-content\/uploads\/sites\/2\/1998\/12\/Szaszowski-min-1639x2048.png 1639w, https:\/\/activeteam.zmm-maxpol.pl\/wp-content\/uploads\/sites\/2\/1998\/12\/Szaszowski-min-102x128.png 102w, https:\/\/activeteam.zmm-maxpol.pl\/wp-content\/uploads\/sites\/2\/1998\/12\/Szaszowski-min-26x32.png 26w, https:\/\/activeteam.zmm-maxpol.pl\/wp-content\/uploads\/sites\/2\/1998\/12\/Szaszowski-min.png 2001w\" sizes=\"(max-width: 640px) 100vw, 640px\" \/>                            <\/a>\n                                                            <div class=\"number\">19<\/div>\n                            \n                                                    <\/div>\n                        <div class=\"profile\">\n                            <p class=\"position\">Zawodnik<\/p>                            <a href=\"https:\/\/activeteam.zmm-maxpol.pl\/en\/zawodnicy\/mateusz-szaszowski\/\" class=\"name\">Mateusz Szaszowski<\/a>\n                        <\/div>\n                    <\/div>\n                <\/div>\n            \n                <div class=\"col-xl-3 col-md-4 col-sm-6\">\n                    <div class=\"team-wraper\">\n                        <div class=\"player-card\">\n                            <a class=\"image\" href=\"https:\/\/activeteam.zmm-maxpol.pl\/en\/zawodnicy\/daniel-iskra\/\">\n                                <img loading=\"lazy\" decoding=\"async\" width=\"640\" height=\"800\" src=\"https:\/\/activeteam.zmm-maxpol.pl\/wp-content\/uploads\/sites\/2\/1997\/03\/Daniel-Iskra-min-819x1024.png\" class=\"attachment-large size-large wp-post-image\" alt=\"\" srcset=\"https:\/\/activeteam.zmm-maxpol.pl\/wp-content\/uploads\/sites\/2\/1997\/03\/Daniel-Iskra-min-819x1024.png 819w, https:\/\/activeteam.zmm-maxpol.pl\/wp-content\/uploads\/sites\/2\/1997\/03\/Daniel-Iskra-min-240x300.png 240w, https:\/\/activeteam.zmm-maxpol.pl\/wp-content\/uploads\/sites\/2\/1997\/03\/Daniel-Iskra-min-768x960.png 768w, https:\/\/activeteam.zmm-maxpol.pl\/wp-content\/uploads\/sites\/2\/1997\/03\/Daniel-Iskra-min-1229x1536.png 1229w, https:\/\/activeteam.zmm-maxpol.pl\/wp-content\/uploads\/sites\/2\/1997\/03\/Daniel-Iskra-min-1638x2048.png 1638w, https:\/\/activeteam.zmm-maxpol.pl\/wp-content\/uploads\/sites\/2\/1997\/03\/Daniel-Iskra-min-102x128.png 102w, https:\/\/activeteam.zmm-maxpol.pl\/wp-content\/uploads\/sites\/2\/1997\/03\/Daniel-Iskra-min-26x32.png 26w, https:\/\/activeteam.zmm-maxpol.pl\/wp-content\/uploads\/sites\/2\/1997\/03\/Daniel-Iskra-min.png 2000w\" sizes=\"(max-width: 640px) 100vw, 640px\" \/>                            <\/a>\n                                                            <div class=\"number\">14<\/div>\n                            \n                                                    <\/div>\n                        <div class=\"profile\">\n                            <p class=\"position\">Zawodnik<\/p>                            <a href=\"https:\/\/activeteam.zmm-maxpol.pl\/en\/zawodnicy\/daniel-iskra\/\" class=\"name\">Daniel Iskra<\/a>\n                        <\/div>\n                    <\/div>\n                <\/div>\n                    <\/div>\n    <\/div>\n<\/div>\t\t\t\t<\/div>\n\t\t\t\t<\/div>\n\t\t\t\t\t<\/div>\n\t\t\t\t<\/div>\n\t\t<div class=\"elementor-element elementor-element-e0027a1 e-flex e-con-boxed e-con e-parent\" data-id=\"e0027a1\" data-element_type=\"container\" data-e-type=\"container\">\n\t\t\t\t\t<div class=\"e-con-inner\">\n\t\t\t\t<div class=\"elementor-element elementor-element-a48a74f elementor-widget elementor-widget-rt-team-member\" data-id=\"a48a74f\" data-element_type=\"widget\" data-e-type=\"widget\" data-widget_type=\"rt-team-member.default\">\n\t\t\t\t<div class=\"elementor-widget-container\">\n\t\t\t\t\t\t\n\t\t\n\t<div class=\"rs-team-grid rts-team-section rs-team team-grid-style1  rsaddon_pro_box\">\n    <div class=\"team-section-inner inner\">\n                <div class=\"row \">\n            \n                <div class=\"col-xl-3 col-md-4 col-sm-6\">\n                    <div class=\"team-wraper\">\n                        <div class=\"player-card\">\n                            <a class=\"image\" href=\"https:\/\/activeteam.zmm-maxpol.pl\/en\/zawodnicy\/bartlomiej-les\/\">\n                                <img loading=\"lazy\" decoding=\"async\" width=\"640\" height=\"799\" src=\"https:\/\/activeteam.zmm-maxpol.pl\/wp-content\/uploads\/sites\/2\/1998\/11\/Bartek-Les-min-820x1024.png\" class=\"attachment-large size-large wp-post-image\" alt=\"\" srcset=\"https:\/\/activeteam.zmm-maxpol.pl\/wp-content\/uploads\/sites\/2\/1998\/11\/Bartek-Les-min-820x1024.png 820w, https:\/\/activeteam.zmm-maxpol.pl\/wp-content\/uploads\/sites\/2\/1998\/11\/Bartek-Les-min-240x300.png 240w, https:\/\/activeteam.zmm-maxpol.pl\/wp-content\/uploads\/sites\/2\/1998\/11\/Bartek-Les-min-768x960.png 768w, https:\/\/activeteam.zmm-maxpol.pl\/wp-content\/uploads\/sites\/2\/1998\/11\/Bartek-Les-min-1229x1536.png 1229w, https:\/\/activeteam.zmm-maxpol.pl\/wp-content\/uploads\/sites\/2\/1998\/11\/Bartek-Les-min-1639x2048.png 1639w, https:\/\/activeteam.zmm-maxpol.pl\/wp-content\/uploads\/sites\/2\/1998\/11\/Bartek-Les-min-102x128.png 102w, https:\/\/activeteam.zmm-maxpol.pl\/wp-content\/uploads\/sites\/2\/1998\/11\/Bartek-Les-min-26x32.png 26w, https:\/\/activeteam.zmm-maxpol.pl\/wp-content\/uploads\/sites\/2\/1998\/11\/Bartek-Les-min.png 2001w\" sizes=\"(max-width: 640px) 100vw, 640px\" \/>                            <\/a>\n                                                            <div class=\"number\">10<\/div>\n                            \n                                                    <\/div>\n                        <div class=\"profile\">\n                            <p class=\"position\">Zawodnik<\/p>                            <a href=\"https:\/\/activeteam.zmm-maxpol.pl\/en\/zawodnicy\/bartlomiej-les\/\" class=\"name\">Bart\u0142omiej Le\u015b<\/a>\n                        <\/div>\n                    <\/div>\n                <\/div>\n            \n                <div class=\"col-xl-3 col-md-4 col-sm-6\">\n                    <div class=\"team-wraper\">\n                        <div class=\"player-card\">\n                            <a class=\"image\" href=\"https:\/\/activeteam.zmm-maxpol.pl\/en\/zawodnicy\/grzegorz-depta\/\">\n                                <img loading=\"lazy\" decoding=\"async\" width=\"640\" height=\"799\" src=\"https:\/\/activeteam.zmm-maxpol.pl\/wp-content\/uploads\/sites\/2\/1997\/07\/Depta-min-820x1024.png\" class=\"attachment-large size-large wp-post-image\" alt=\"\" srcset=\"https:\/\/activeteam.zmm-maxpol.pl\/wp-content\/uploads\/sites\/2\/1997\/07\/Depta-min-820x1024.png 820w, https:\/\/activeteam.zmm-maxpol.pl\/wp-content\/uploads\/sites\/2\/1997\/07\/Depta-min-240x300.png 240w, https:\/\/activeteam.zmm-maxpol.pl\/wp-content\/uploads\/sites\/2\/1997\/07\/Depta-min-768x960.png 768w, https:\/\/activeteam.zmm-maxpol.pl\/wp-content\/uploads\/sites\/2\/1997\/07\/Depta-min-1229x1536.png 1229w, https:\/\/activeteam.zmm-maxpol.pl\/wp-content\/uploads\/sites\/2\/1997\/07\/Depta-min-1639x2048.png 1639w, https:\/\/activeteam.zmm-maxpol.pl\/wp-content\/uploads\/sites\/2\/1997\/07\/Depta-min-102x128.png 102w, https:\/\/activeteam.zmm-maxpol.pl\/wp-content\/uploads\/sites\/2\/1997\/07\/Depta-min-26x32.png 26w, https:\/\/activeteam.zmm-maxpol.pl\/wp-content\/uploads\/sites\/2\/1997\/07\/Depta-min.png 2001w\" sizes=\"(max-width: 640px) 100vw, 640px\" \/>                            <\/a>\n                                                            <div class=\"number\">15<\/div>\n                            \n                                                    <\/div>\n                        <div class=\"profile\">\n                            <p class=\"position\">Zawodnik<\/p>                            <a href=\"https:\/\/activeteam.zmm-maxpol.pl\/en\/zawodnicy\/grzegorz-depta\/\" class=\"name\">Grzegorz Depta<\/a>\n                        <\/div>\n                    <\/div>\n                <\/div>\n            \n                <div class=\"col-xl-3 col-md-4 col-sm-6\">\n                    <div class=\"team-wraper\">\n                        <div class=\"player-card\">\n                            <a class=\"image\" href=\"https:\/\/activeteam.zmm-maxpol.pl\/en\/zawodnicy\/jakub-pszonka\/\">\n                                <img loading=\"lazy\" decoding=\"async\" width=\"640\" height=\"800\" src=\"https:\/\/activeteam.zmm-maxpol.pl\/wp-content\/uploads\/sites\/2\/1997\/06\/Pszonka-min2-819x1024.png\" class=\"attachment-large size-large wp-post-image\" alt=\"\" srcset=\"https:\/\/activeteam.zmm-maxpol.pl\/wp-content\/uploads\/sites\/2\/1997\/06\/Pszonka-min2-819x1024.png 819w, https:\/\/activeteam.zmm-maxpol.pl\/wp-content\/uploads\/sites\/2\/1997\/06\/Pszonka-min2-240x300.png 240w, https:\/\/activeteam.zmm-maxpol.pl\/wp-content\/uploads\/sites\/2\/1997\/06\/Pszonka-min2-768x960.png 768w, https:\/\/activeteam.zmm-maxpol.pl\/wp-content\/uploads\/sites\/2\/1997\/06\/Pszonka-min2-102x128.png 102w, https:\/\/activeteam.zmm-maxpol.pl\/wp-content\/uploads\/sites\/2\/1997\/06\/Pszonka-min2-26x32.png 26w, https:\/\/activeteam.zmm-maxpol.pl\/wp-content\/uploads\/sites\/2\/1997\/06\/Pszonka-min2.png 1000w\" sizes=\"(max-width: 640px) 100vw, 640px\" \/>                            <\/a>\n                                                            <div class=\"number\">97<\/div>\n                            \n                                                    <\/div>\n                        <div class=\"profile\">\n                            <p class=\"position\">Zawodnik<\/p>                            <a href=\"https:\/\/activeteam.zmm-maxpol.pl\/en\/zawodnicy\/jakub-pszonka\/\" class=\"name\">Jakub Pszonka<\/a>\n                        <\/div>\n                    <\/div>\n                <\/div>\n            \n                <div class=\"col-xl-3 col-md-4 col-sm-6\">\n                    <div class=\"team-wraper\">\n                        <div class=\"player-card\">\n                            <a class=\"image\" href=\"https:\/\/activeteam.zmm-maxpol.pl\/en\/zawodnicy\/damian-rak\/\">\n                                <img loading=\"lazy\" decoding=\"async\" width=\"640\" height=\"800\" src=\"https:\/\/activeteam.zmm-maxpol.pl\/wp-content\/uploads\/sites\/2\/1991\/09\/Rak-min-819x1024.png\" class=\"attachment-large size-large wp-post-image\" alt=\"\" srcset=\"https:\/\/activeteam.zmm-maxpol.pl\/wp-content\/uploads\/sites\/2\/1991\/09\/Rak-min-819x1024.png 819w, https:\/\/activeteam.zmm-maxpol.pl\/wp-content\/uploads\/sites\/2\/1991\/09\/Rak-min-240x300.png 240w, https:\/\/activeteam.zmm-maxpol.pl\/wp-content\/uploads\/sites\/2\/1991\/09\/Rak-min-768x960.png 768w, https:\/\/activeteam.zmm-maxpol.pl\/wp-content\/uploads\/sites\/2\/1991\/09\/Rak-min-1229x1536.png 1229w, https:\/\/activeteam.zmm-maxpol.pl\/wp-content\/uploads\/sites\/2\/1991\/09\/Rak-min-1638x2048.png 1638w, https:\/\/activeteam.zmm-maxpol.pl\/wp-content\/uploads\/sites\/2\/1991\/09\/Rak-min-102x128.png 102w, https:\/\/activeteam.zmm-maxpol.pl\/wp-content\/uploads\/sites\/2\/1991\/09\/Rak-min-26x32.png 26w, https:\/\/activeteam.zmm-maxpol.pl\/wp-content\/uploads\/sites\/2\/1991\/09\/Rak-min.png 2000w\" sizes=\"(max-width: 640px) 100vw, 640px\" \/>                            <\/a>\n                                                            <div class=\"number\">20<\/div>\n                            \n                                                    <\/div>\n                        <div class=\"profile\">\n                            <p class=\"position\">Zawodnik<\/p>                            <a href=\"https:\/\/activeteam.zmm-maxpol.pl\/en\/zawodnicy\/damian-rak\/\" class=\"name\">Damian Rak<\/a>\n                        <\/div>\n                    <\/div>\n                <\/div>\n                    <\/div>\n    <\/div>\n<\/div>\t\t\t\t<\/div>\n\t\t\t\t<\/div>\n\t\t\t\t\t<\/div>\n\t\t\t\t<\/div>\n\t\t<div class=\"elementor-element elementor-element-4aa68ba e-flex e-con-boxed e-con e-parent\" data-id=\"4aa68ba\" data-element_type=\"container\" data-e-type=\"container\">\n\t\t\t\t\t<div class=\"e-con-inner\">\n\t\t\t\t<div class=\"elementor-element elementor-element-bcd76eb elementor-widget elementor-widget-rt-team-member\" data-id=\"bcd76eb\" data-element_type=\"widget\" data-e-type=\"widget\" data-widget_type=\"rt-team-member.default\">\n\t\t\t\t<div class=\"elementor-widget-container\">\n\t\t\t\t\t\t\n\t\t\n\t<div class=\"rs-team-grid rts-team-section rs-team team-grid-style1  rsaddon_pro_box\">\n    <div class=\"team-section-inner inner\">\n                <div class=\"row \">\n            \n                <div class=\"col-xl-3 col-md-4 col-sm-6\">\n                    <div class=\"team-wraper\">\n                        <div class=\"player-card\">\n                            <a class=\"image\" href=\"https:\/\/activeteam.zmm-maxpol.pl\/en\/zawodnicy\/pawel-hawrylak\/\">\n                                <img loading=\"lazy\" decoding=\"async\" width=\"640\" height=\"800\" src=\"https:\/\/activeteam.zmm-maxpol.pl\/wp-content\/uploads\/sites\/2\/2025\/01\/2.2-min-819x1024.png\" class=\"attachment-large size-large wp-post-image\" alt=\"\" srcset=\"https:\/\/activeteam.zmm-maxpol.pl\/wp-content\/uploads\/sites\/2\/2025\/01\/2.2-min-819x1024.png 819w, https:\/\/activeteam.zmm-maxpol.pl\/wp-content\/uploads\/sites\/2\/2025\/01\/2.2-min-240x300.png 240w, https:\/\/activeteam.zmm-maxpol.pl\/wp-content\/uploads\/sites\/2\/2025\/01\/2.2-min-768x960.png 768w, https:\/\/activeteam.zmm-maxpol.pl\/wp-content\/uploads\/sites\/2\/2025\/01\/2.2-min-102x128.png 102w, https:\/\/activeteam.zmm-maxpol.pl\/wp-content\/uploads\/sites\/2\/2025\/01\/2.2-min-26x32.png 26w, https:\/\/activeteam.zmm-maxpol.pl\/wp-content\/uploads\/sites\/2\/2025\/01\/2.2-min.png 1200w\" sizes=\"(max-width: 640px) 100vw, 640px\" \/>                            <\/a>\n                                                            <div class=\"number\">20<\/div>\n                            \n                                                    <\/div>\n                        <div class=\"profile\">\n                            <p class=\"position\">Zawodnik<\/p>                            <a href=\"https:\/\/activeteam.zmm-maxpol.pl\/en\/zawodnicy\/pawel-hawrylak\/\" class=\"name\">Pawe\u0142 Hawrylak<\/a>\n                        <\/div>\n                    <\/div>\n                <\/div>\n            \n                <div class=\"col-xl-3 col-md-4 col-sm-6\">\n                    <div class=\"team-wraper\">\n                        <div class=\"player-card\">\n                            <a class=\"image\" href=\"https:\/\/activeteam.zmm-maxpol.pl\/en\/zawodnicy\/kamil-garbacik\/\">\n                                <img loading=\"lazy\" decoding=\"async\" width=\"640\" height=\"800\" src=\"https:\/\/activeteam.zmm-maxpol.pl\/wp-content\/uploads\/sites\/2\/2024\/12\/2-min-819x1024.png\" class=\"attachment-large size-large wp-post-image\" alt=\"\" srcset=\"https:\/\/activeteam.zmm-maxpol.pl\/wp-content\/uploads\/sites\/2\/2024\/12\/2-min-819x1024.png 819w, https:\/\/activeteam.zmm-maxpol.pl\/wp-content\/uploads\/sites\/2\/2024\/12\/2-min-240x300.png 240w, https:\/\/activeteam.zmm-maxpol.pl\/wp-content\/uploads\/sites\/2\/2024\/12\/2-min-768x960.png 768w, https:\/\/activeteam.zmm-maxpol.pl\/wp-content\/uploads\/sites\/2\/2024\/12\/2-min-1229x1536.png 1229w, https:\/\/activeteam.zmm-maxpol.pl\/wp-content\/uploads\/sites\/2\/2024\/12\/2-min-102x128.png 102w, https:\/\/activeteam.zmm-maxpol.pl\/wp-content\/uploads\/sites\/2\/2024\/12\/2-min-26x32.png 26w, https:\/\/activeteam.zmm-maxpol.pl\/wp-content\/uploads\/sites\/2\/2024\/12\/2-min.png 1600w\" sizes=\"(max-width: 640px) 100vw, 640px\" \/>                            <\/a>\n                            \n                                                    <\/div>\n                        <div class=\"profile\">\n                            <p class=\"position\">Zawodnik<\/p>                            <a href=\"https:\/\/activeteam.zmm-maxpol.pl\/en\/zawodnicy\/kamil-garbacik\/\" class=\"name\">Kamil Garbacik<\/a>\n                        <\/div>\n                    <\/div>\n                <\/div>\n            \n                <div class=\"col-xl-3 col-md-4 col-sm-6\">\n                    <div class=\"team-wraper\">\n                        <div class=\"player-card\">\n                            <a class=\"image\" href=\"https:\/\/activeteam.zmm-maxpol.pl\/en\/zawodnicy\/milosz-linek\/\">\n                                <img loading=\"lazy\" decoding=\"async\" width=\"640\" height=\"800\" src=\"https:\/\/activeteam.zmm-maxpol.pl\/wp-content\/uploads\/sites\/2\/2024\/12\/3-min-819x1024.png\" class=\"attachment-large size-large wp-post-image\" alt=\"\" srcset=\"https:\/\/activeteam.zmm-maxpol.pl\/wp-content\/uploads\/sites\/2\/2024\/12\/3-min-819x1024.png 819w, https:\/\/activeteam.zmm-maxpol.pl\/wp-content\/uploads\/sites\/2\/2024\/12\/3-min-240x300.png 240w, https:\/\/activeteam.zmm-maxpol.pl\/wp-content\/uploads\/sites\/2\/2024\/12\/3-min-768x960.png 768w, https:\/\/activeteam.zmm-maxpol.pl\/wp-content\/uploads\/sites\/2\/2024\/12\/3-min-1229x1536.png 1229w, https:\/\/activeteam.zmm-maxpol.pl\/wp-content\/uploads\/sites\/2\/2024\/12\/3-min-102x128.png 102w, https:\/\/activeteam.zmm-maxpol.pl\/wp-content\/uploads\/sites\/2\/2024\/12\/3-min-26x32.png 26w, https:\/\/activeteam.zmm-maxpol.pl\/wp-content\/uploads\/sites\/2\/2024\/12\/3-min.png 1600w\" sizes=\"(max-width: 640px) 100vw, 640px\" \/>                            <\/a>\n                                                            <div class=\"number\">3<\/div>\n                            \n                                                    <\/div>\n                        <div class=\"profile\">\n                            <p class=\"position\">Zawodnik<\/p>                            <a href=\"https:\/\/activeteam.zmm-maxpol.pl\/en\/zawodnicy\/milosz-linek\/\" class=\"name\">Mi\u0142osz Linek<\/a>\n                        <\/div>\n                    <\/div>\n                <\/div>\n            \n                <div class=\"col-xl-3 col-md-4 col-sm-6\">\n                    <div class=\"team-wraper\">\n                        <div class=\"player-card\">\n                            <a class=\"image\" href=\"https:\/\/activeteam.zmm-maxpol.pl\/en\/zawodnicy\/grzegorz-rajdek\/\">\n                                <img loading=\"lazy\" decoding=\"async\" width=\"640\" height=\"800\" src=\"https:\/\/activeteam.zmm-maxpol.pl\/wp-content\/uploads\/sites\/2\/1986\/03\/GRZESIU4.png\" class=\"attachment-large size-large wp-post-image\" alt=\"\" srcset=\"https:\/\/activeteam.zmm-maxpol.pl\/wp-content\/uploads\/sites\/2\/1986\/03\/GRZESIU4.png 800w, https:\/\/activeteam.zmm-maxpol.pl\/wp-content\/uploads\/sites\/2\/1986\/03\/GRZESIU4-240x300.png 240w, https:\/\/activeteam.zmm-maxpol.pl\/wp-content\/uploads\/sites\/2\/1986\/03\/GRZESIU4-768x960.png 768w, https:\/\/activeteam.zmm-maxpol.pl\/wp-content\/uploads\/sites\/2\/1986\/03\/GRZESIU4-102x128.png 102w, https:\/\/activeteam.zmm-maxpol.pl\/wp-content\/uploads\/sites\/2\/1986\/03\/GRZESIU4-26x32.png 26w\" sizes=\"(max-width: 640px) 100vw, 640px\" \/>                            <\/a>\n                                                            <div class=\"number\">4<\/div>\n                            \n                                                    <\/div>\n                        <div class=\"profile\">\n                            <p class=\"position\">Zawodnik<\/p>                            <a href=\"https:\/\/activeteam.zmm-maxpol.pl\/en\/zawodnicy\/grzegorz-rajdek\/\" class=\"name\">Grzegorz Rajdek<\/a>\n                        <\/div>\n                    <\/div>\n                <\/div>\n                    <\/div>\n    <\/div>\n<\/div>\t\t\t\t<\/div>\n\t\t\t\t<\/div>\n\t\t\t\t\t<\/div>\n\t\t\t\t<\/div>\n\t\t<div class=\"elementor-element elementor-element-cf5f988 e-flex e-con-boxed e-con e-parent\" data-id=\"cf5f988\" data-element_type=\"container\" data-e-type=\"container\">\n\t\t\t\t\t<div class=\"e-con-inner\">\n\t\t\t\t<div class=\"elementor-element elementor-element-8f7ce15 elementor-widget elementor-widget-rt-team-member\" data-id=\"8f7ce15\" data-element_type=\"widget\" data-e-type=\"widget\" data-widget_type=\"rt-team-member.default\">\n\t\t\t\t<div class=\"elementor-widget-container\">\n\t\t\t\t\t\t\n\t\t\n\t<div class=\"rs-team-grid rts-team-section rs-team team-grid-style1  rsaddon_pro_box\">\n    <div class=\"team-section-inner inner\">\n                <div class=\"row \">\n            \n                <div class=\"col-xl-3 col-md-4 col-sm-6\">\n                    <div class=\"team-wraper\">\n                        <div class=\"player-card\">\n                            <a class=\"image\" href=\"https:\/\/activeteam.zmm-maxpol.pl\/en\/zawodnicy\/przemyslaw-rembisz\/\">\n                                <img loading=\"lazy\" decoding=\"async\" width=\"640\" height=\"800\" src=\"https:\/\/activeteam.zmm-maxpol.pl\/wp-content\/uploads\/sites\/2\/2026\/01\/Przemek-rebisz-819x1024.png\" class=\"attachment-large size-large wp-post-image\" alt=\"\" srcset=\"https:\/\/activeteam.zmm-maxpol.pl\/wp-content\/uploads\/sites\/2\/2026\/01\/Przemek-rebisz-819x1024.png 819w, https:\/\/activeteam.zmm-maxpol.pl\/wp-content\/uploads\/sites\/2\/2026\/01\/Przemek-rebisz-240x300.png 240w, https:\/\/activeteam.zmm-maxpol.pl\/wp-content\/uploads\/sites\/2\/2026\/01\/Przemek-rebisz-768x960.png 768w, https:\/\/activeteam.zmm-maxpol.pl\/wp-content\/uploads\/sites\/2\/2026\/01\/Przemek-rebisz-1229x1536.png 1229w, https:\/\/activeteam.zmm-maxpol.pl\/wp-content\/uploads\/sites\/2\/2026\/01\/Przemek-rebisz-1638x2048.png 1638w, https:\/\/activeteam.zmm-maxpol.pl\/wp-content\/uploads\/sites\/2\/2026\/01\/Przemek-rebisz-102x128.png 102w, https:\/\/activeteam.zmm-maxpol.pl\/wp-content\/uploads\/sites\/2\/2026\/01\/Przemek-rebisz-26x32.png 26w, https:\/\/activeteam.zmm-maxpol.pl\/wp-content\/uploads\/sites\/2\/2026\/01\/Przemek-rebisz.png 2000w\" sizes=\"(max-width: 640px) 100vw, 640px\" \/>                            <\/a>\n                                                            <div class=\"number\">18<\/div>\n                            \n                                                    <\/div>\n                        <div class=\"profile\">\n                            <p class=\"position\">Zawodnik<\/p>                            <a href=\"https:\/\/activeteam.zmm-maxpol.pl\/en\/zawodnicy\/przemyslaw-rembisz\/\" class=\"name\">Przemys\u0142aw Rembisz<\/a>\n                        <\/div>\n                    <\/div>\n                <\/div>\n            \n                <div class=\"col-xl-3 col-md-4 col-sm-6\">\n                    <div class=\"team-wraper\">\n                        <div class=\"player-card\">\n                            <a class=\"image\" href=\"https:\/\/activeteam.zmm-maxpol.pl\/en\/zawodnicy\/arkadiusz-wielgosz\/\">\n                                <img loading=\"lazy\" decoding=\"async\" width=\"640\" height=\"800\" src=\"https:\/\/activeteam.zmm-maxpol.pl\/wp-content\/uploads\/sites\/2\/2026\/01\/Wielgosz-819x1024.png\" class=\"attachment-large size-large wp-post-image\" alt=\"\" srcset=\"https:\/\/activeteam.zmm-maxpol.pl\/wp-content\/uploads\/sites\/2\/2026\/01\/Wielgosz-819x1024.png 819w, https:\/\/activeteam.zmm-maxpol.pl\/wp-content\/uploads\/sites\/2\/2026\/01\/Wielgosz-240x300.png 240w, https:\/\/activeteam.zmm-maxpol.pl\/wp-content\/uploads\/sites\/2\/2026\/01\/Wielgosz-768x960.png 768w, https:\/\/activeteam.zmm-maxpol.pl\/wp-content\/uploads\/sites\/2\/2026\/01\/Wielgosz-1229x1536.png 1229w, https:\/\/activeteam.zmm-maxpol.pl\/wp-content\/uploads\/sites\/2\/2026\/01\/Wielgosz-1638x2048.png 1638w, https:\/\/activeteam.zmm-maxpol.pl\/wp-content\/uploads\/sites\/2\/2026\/01\/Wielgosz-102x128.png 102w, https:\/\/activeteam.zmm-maxpol.pl\/wp-content\/uploads\/sites\/2\/2026\/01\/Wielgosz-26x32.png 26w, https:\/\/activeteam.zmm-maxpol.pl\/wp-content\/uploads\/sites\/2\/2026\/01\/Wielgosz.png 2000w\" sizes=\"(max-width: 640px) 100vw, 640px\" \/>                            <\/a>\n                                                            <div class=\"number\">96<\/div>\n                            \n                                                    <\/div>\n                        <div class=\"profile\">\n                            <p class=\"position\">Zawodnik<\/p>                            <a href=\"https:\/\/activeteam.zmm-maxpol.pl\/en\/zawodnicy\/arkadiusz-wielgosz\/\" class=\"name\">Arkadiusz Wielgosz<\/a>\n                        <\/div>\n                    <\/div>\n                <\/div>\n            \n                <div class=\"col-xl-3 col-md-4 col-sm-6\">\n                    <div class=\"team-wraper\">\n                        <div class=\"player-card\">\n                            <a class=\"image\" href=\"https:\/\/activeteam.zmm-maxpol.pl\/en\/zawodnicy\/pawel-hass\/\">\n                                <img loading=\"lazy\" decoding=\"async\" width=\"640\" height=\"801\" src=\"https:\/\/activeteam.zmm-maxpol.pl\/wp-content\/uploads\/sites\/2\/2026\/01\/Hass-3-1-818x1024.jpg\" class=\"attachment-large size-large wp-post-image\" alt=\"\" srcset=\"https:\/\/activeteam.zmm-maxpol.pl\/wp-content\/uploads\/sites\/2\/2026\/01\/Hass-3-1-818x1024.jpg 818w, https:\/\/activeteam.zmm-maxpol.pl\/wp-content\/uploads\/sites\/2\/2026\/01\/Hass-3-1-240x300.jpg 240w, https:\/\/activeteam.zmm-maxpol.pl\/wp-content\/uploads\/sites\/2\/2026\/01\/Hass-3-1-768x961.jpg 768w, https:\/\/activeteam.zmm-maxpol.pl\/wp-content\/uploads\/sites\/2\/2026\/01\/Hass-3-1-1228x1536.jpg 1228w, https:\/\/activeteam.zmm-maxpol.pl\/wp-content\/uploads\/sites\/2\/2026\/01\/Hass-3-1-102x128.jpg 102w, https:\/\/activeteam.zmm-maxpol.pl\/wp-content\/uploads\/sites\/2\/2026\/01\/Hass-3-1-26x32.jpg 26w, https:\/\/activeteam.zmm-maxpol.pl\/wp-content\/uploads\/sites\/2\/2026\/01\/Hass-3-1.jpg 1290w\" sizes=\"(max-width: 640px) 100vw, 640px\" \/>                            <\/a>\n                                                            <div class=\"number\">91<\/div>\n                            \n                                                    <\/div>\n                        <div class=\"profile\">\n                            <p class=\"position\">Zawodnik<\/p>                            <a href=\"https:\/\/activeteam.zmm-maxpol.pl\/en\/zawodnicy\/pawel-hass\/\" class=\"name\">Pawe\u0142 Hass<\/a>\n                        <\/div>\n                    <\/div>\n                <\/div>\n            \n                <div class=\"col-xl-3 col-md-4 col-sm-6\">\n                    <div class=\"team-wraper\">\n                        <div class=\"player-card\">\n                            <a class=\"image\" href=\"https:\/\/activeteam.zmm-maxpol.pl\/en\/zawodnicy\/kacper-rop\/\">\n                                <img loading=\"lazy\" decoding=\"async\" width=\"640\" height=\"800\" src=\"https:\/\/activeteam.zmm-maxpol.pl\/wp-content\/uploads\/sites\/2\/2026\/01\/Kacper-Rop-819x1024.png\" class=\"attachment-large size-large wp-post-image\" alt=\"\" srcset=\"https:\/\/activeteam.zmm-maxpol.pl\/wp-content\/uploads\/sites\/2\/2026\/01\/Kacper-Rop-819x1024.png 819w, https:\/\/activeteam.zmm-maxpol.pl\/wp-content\/uploads\/sites\/2\/2026\/01\/Kacper-Rop-240x300.png 240w, https:\/\/activeteam.zmm-maxpol.pl\/wp-content\/uploads\/sites\/2\/2026\/01\/Kacper-Rop-768x960.png 768w, https:\/\/activeteam.zmm-maxpol.pl\/wp-content\/uploads\/sites\/2\/2026\/01\/Kacper-Rop-1229x1536.png 1229w, https:\/\/activeteam.zmm-maxpol.pl\/wp-content\/uploads\/sites\/2\/2026\/01\/Kacper-Rop-1638x2048.png 1638w, https:\/\/activeteam.zmm-maxpol.pl\/wp-content\/uploads\/sites\/2\/2026\/01\/Kacper-Rop-102x128.png 102w, https:\/\/activeteam.zmm-maxpol.pl\/wp-content\/uploads\/sites\/2\/2026\/01\/Kacper-Rop-26x32.png 26w, https:\/\/activeteam.zmm-maxpol.pl\/wp-content\/uploads\/sites\/2\/2026\/01\/Kacper-Rop.png 2000w\" sizes=\"(max-width: 640px) 100vw, 640px\" \/>                            <\/a>\n                                                            <div class=\"number\">24<\/div>\n                            \n                                                    <\/div>\n                        <div class=\"profile\">\n                            <p class=\"position\">Zawodnik<\/p>                            <a href=\"https:\/\/activeteam.zmm-maxpol.pl\/en\/zawodnicy\/kacper-rop\/\" class=\"name\">Kacper Rop<\/a>\n                        <\/div>\n                    <\/div>\n                <\/div>\n            \n                <div class=\"col-xl-3 col-md-4 col-sm-6\">\n                    <div class=\"team-wraper\">\n                        <div class=\"player-card\">\n                            <a class=\"image\" href=\"https:\/\/activeteam.zmm-maxpol.pl\/en\/zawodnicy\/edward\/\">\n                                <img loading=\"lazy\" decoding=\"async\" width=\"640\" height=\"800\" src=\"https:\/\/activeteam.zmm-maxpol.pl\/wp-content\/uploads\/sites\/2\/2026\/01\/Edward-1-819x1024.png\" class=\"attachment-large size-large wp-post-image\" alt=\"\" srcset=\"https:\/\/activeteam.zmm-maxpol.pl\/wp-content\/uploads\/sites\/2\/2026\/01\/Edward-1-819x1024.png 819w, https:\/\/activeteam.zmm-maxpol.pl\/wp-content\/uploads\/sites\/2\/2026\/01\/Edward-1-240x300.png 240w, https:\/\/activeteam.zmm-maxpol.pl\/wp-content\/uploads\/sites\/2\/2026\/01\/Edward-1-768x960.png 768w, https:\/\/activeteam.zmm-maxpol.pl\/wp-content\/uploads\/sites\/2\/2026\/01\/Edward-1-1229x1536.png 1229w, https:\/\/activeteam.zmm-maxpol.pl\/wp-content\/uploads\/sites\/2\/2026\/01\/Edward-1-1638x2048.png 1638w, https:\/\/activeteam.zmm-maxpol.pl\/wp-content\/uploads\/sites\/2\/2026\/01\/Edward-1-102x128.png 102w, https:\/\/activeteam.zmm-maxpol.pl\/wp-content\/uploads\/sites\/2\/2026\/01\/Edward-1-26x32.png 26w, https:\/\/activeteam.zmm-maxpol.pl\/wp-content\/uploads\/sites\/2\/2026\/01\/Edward-1.png 2000w\" sizes=\"(max-width: 640px) 100vw, 640px\" \/>                            <\/a>\n                                                            <div class=\"number\">22<\/div>\n                            \n                                                    <\/div>\n                        <div class=\"profile\">\n                            <p class=\"position\">Zawodnik<\/p>                            <a href=\"https:\/\/activeteam.zmm-maxpol.pl\/en\/zawodnicy\/edward\/\" class=\"name\">Edward<\/a>\n                        <\/div>\n                    <\/div>\n                <\/div>\n            \n                <div class=\"col-xl-3 col-md-4 col-sm-6\">\n                    <div class=\"team-wraper\">\n                        <div class=\"player-card\">\n                            <a class=\"image\" href=\"https:\/\/activeteam.zmm-maxpol.pl\/en\/zawodnicy\/mateusz-marczydlo\/\">\n                                <img loading=\"lazy\" decoding=\"async\" width=\"640\" height=\"800\" src=\"https:\/\/activeteam.zmm-maxpol.pl\/wp-content\/uploads\/sites\/2\/2026\/01\/Marczydlo2-819x1024.jpg\" class=\"attachment-large size-large wp-post-image\" alt=\"\" srcset=\"https:\/\/activeteam.zmm-maxpol.pl\/wp-content\/uploads\/sites\/2\/2026\/01\/Marczydlo2-819x1024.jpg 819w, https:\/\/activeteam.zmm-maxpol.pl\/wp-content\/uploads\/sites\/2\/2026\/01\/Marczydlo2-240x300.jpg 240w, https:\/\/activeteam.zmm-maxpol.pl\/wp-content\/uploads\/sites\/2\/2026\/01\/Marczydlo2-768x960.jpg 768w, https:\/\/activeteam.zmm-maxpol.pl\/wp-content\/uploads\/sites\/2\/2026\/01\/Marczydlo2-1229x1536.jpg 1229w, https:\/\/activeteam.zmm-maxpol.pl\/wp-content\/uploads\/sites\/2\/2026\/01\/Marczydlo2-102x128.jpg 102w, https:\/\/activeteam.zmm-maxpol.pl\/wp-content\/uploads\/sites\/2\/2026\/01\/Marczydlo2-26x32.jpg 26w, https:\/\/activeteam.zmm-maxpol.pl\/wp-content\/uploads\/sites\/2\/2026\/01\/Marczydlo2.jpg 1366w\" sizes=\"(max-width: 640px) 100vw, 640px\" \/>                            <\/a>\n                                                            <div class=\"number\">21<\/div>\n                            \n                                                    <\/div>\n                        <div class=\"profile\">\n                            <p class=\"position\">Zawodnik<\/p>                            <a href=\"https:\/\/activeteam.zmm-maxpol.pl\/en\/zawodnicy\/mateusz-marczydlo\/\" class=\"name\">Mateusz Marczyd\u0142o<\/a>\n                        <\/div>\n                    <\/div>\n                <\/div>\n            \n                <div class=\"col-xl-3 col-md-4 col-sm-6\">\n                    <div class=\"team-wraper\">\n                        <div class=\"player-card\">\n                            <a class=\"image\" href=\"https:\/\/activeteam.zmm-maxpol.pl\/en\/zawodnicy\/adrian-nowak\/\">\n                                <img loading=\"lazy\" decoding=\"async\" width=\"640\" height=\"800\" src=\"https:\/\/activeteam.zmm-maxpol.pl\/wp-content\/uploads\/sites\/2\/2026\/01\/Adrian-Nowa-819x1024.png\" class=\"attachment-large size-large wp-post-image\" alt=\"\" srcset=\"https:\/\/activeteam.zmm-maxpol.pl\/wp-content\/uploads\/sites\/2\/2026\/01\/Adrian-Nowa-819x1024.png 819w, https:\/\/activeteam.zmm-maxpol.pl\/wp-content\/uploads\/sites\/2\/2026\/01\/Adrian-Nowa-240x300.png 240w, https:\/\/activeteam.zmm-maxpol.pl\/wp-content\/uploads\/sites\/2\/2026\/01\/Adrian-Nowa-768x960.png 768w, https:\/\/activeteam.zmm-maxpol.pl\/wp-content\/uploads\/sites\/2\/2026\/01\/Adrian-Nowa-1229x1536.png 1229w, https:\/\/activeteam.zmm-maxpol.pl\/wp-content\/uploads\/sites\/2\/2026\/01\/Adrian-Nowa-1638x2048.png 1638w, https:\/\/activeteam.zmm-maxpol.pl\/wp-content\/uploads\/sites\/2\/2026\/01\/Adrian-Nowa-102x128.png 102w, https:\/\/activeteam.zmm-maxpol.pl\/wp-content\/uploads\/sites\/2\/2026\/01\/Adrian-Nowa-26x32.png 26w, https:\/\/activeteam.zmm-maxpol.pl\/wp-content\/uploads\/sites\/2\/2026\/01\/Adrian-Nowa.png 2000w\" sizes=\"(max-width: 640px) 100vw, 640px\" \/>                            <\/a>\n                                                            <div class=\"number\">20<\/div>\n                            \n                                                    <\/div>\n                        <div class=\"profile\">\n                            <p class=\"position\">Zawodnik<\/p>                            <a href=\"https:\/\/activeteam.zmm-maxpol.pl\/en\/zawodnicy\/adrian-nowak\/\" class=\"name\">Adrian Nowak<\/a>\n                        <\/div>\n                    <\/div>\n                <\/div>\n            \n                <div class=\"col-xl-3 col-md-4 col-sm-6\">\n                    <div class=\"team-wraper\">\n                        <div class=\"player-card\">\n                            <a class=\"image\" href=\"https:\/\/activeteam.zmm-maxpol.pl\/en\/zawodnicy\/arkadiusz-gil\/\">\n                                <img loading=\"lazy\" decoding=\"async\" width=\"640\" height=\"800\" src=\"https:\/\/activeteam.zmm-maxpol.pl\/wp-content\/uploads\/sites\/2\/2026\/01\/Arek-Gil-1-819x1024.png\" class=\"attachment-large size-large wp-post-image\" alt=\"\" srcset=\"https:\/\/activeteam.zmm-maxpol.pl\/wp-content\/uploads\/sites\/2\/2026\/01\/Arek-Gil-1-819x1024.png 819w, https:\/\/activeteam.zmm-maxpol.pl\/wp-content\/uploads\/sites\/2\/2026\/01\/Arek-Gil-1-240x300.png 240w, https:\/\/activeteam.zmm-maxpol.pl\/wp-content\/uploads\/sites\/2\/2026\/01\/Arek-Gil-1-768x960.png 768w, https:\/\/activeteam.zmm-maxpol.pl\/wp-content\/uploads\/sites\/2\/2026\/01\/Arek-Gil-1-1228x1536.png 1228w, https:\/\/activeteam.zmm-maxpol.pl\/wp-content\/uploads\/sites\/2\/2026\/01\/Arek-Gil-1-102x128.png 102w, https:\/\/activeteam.zmm-maxpol.pl\/wp-content\/uploads\/sites\/2\/2026\/01\/Arek-Gil-1-26x32.png 26w, https:\/\/activeteam.zmm-maxpol.pl\/wp-content\/uploads\/sites\/2\/2026\/01\/Arek-Gil-1.png 1366w\" sizes=\"(max-width: 640px) 100vw, 640px\" \/>                            <\/a>\n                                                            <div class=\"number\">17<\/div>\n                            \n                                                    <\/div>\n                        <div class=\"profile\">\n                            <p class=\"position\">Zawodnik<\/p>                            <a href=\"https:\/\/activeteam.zmm-maxpol.pl\/en\/zawodnicy\/arkadiusz-gil\/\" class=\"name\">Arkadiusz Gil<\/a>\n                        <\/div>\n                    <\/div>\n                <\/div>\n                    <\/div>\n    <\/div>\n<\/div>\t\t\t\t<\/div>\n\t\t\t\t<\/div>\n\t\t\t\t\t<\/div>\n\t\t\t\t<\/div>\n\t\t<div class=\"elementor-element elementor-element-884fe55 e-flex e-con-boxed e-con e-parent\" data-id=\"884fe55\" data-element_type=\"container\" data-e-type=\"container\">\n\t\t\t\t\t<div class=\"e-con-inner\">\n\t\t\t\t<div class=\"elementor-element elementor-element-4180f36 elementor-widget elementor-widget-rt-team-member\" data-id=\"4180f36\" data-element_type=\"widget\" data-e-type=\"widget\" data-widget_type=\"rt-team-member.default\">\n\t\t\t\t<div class=\"elementor-widget-container\">\n\t\t\t\t\t\t\n\t\t\n\t<div class=\"rs-team-grid rts-team-section rs-team team-grid-style1  rsaddon_pro_box\">\n    <div class=\"team-section-inner inner\">\n                <div class=\"row \">\n            \n                <div class=\"col-xl-3 col-md-4 col-sm-6\">\n                    <div class=\"team-wraper\">\n                        <div class=\"player-card\">\n                            <a class=\"image\" href=\"https:\/\/activeteam.zmm-maxpol.pl\/en\/zawodnicy\/kacper-lebek\/\">\n                                <img loading=\"lazy\" decoding=\"async\" width=\"640\" height=\"800\" src=\"https:\/\/activeteam.zmm-maxpol.pl\/wp-content\/uploads\/sites\/2\/2026\/01\/Lebek-819x1024.jpg\" class=\"attachment-large size-large wp-post-image\" alt=\"\" srcset=\"https:\/\/activeteam.zmm-maxpol.pl\/wp-content\/uploads\/sites\/2\/2026\/01\/Lebek-819x1024.jpg 819w, https:\/\/activeteam.zmm-maxpol.pl\/wp-content\/uploads\/sites\/2\/2026\/01\/Lebek-240x300.jpg 240w, https:\/\/activeteam.zmm-maxpol.pl\/wp-content\/uploads\/sites\/2\/2026\/01\/Lebek-768x960.jpg 768w, https:\/\/activeteam.zmm-maxpol.pl\/wp-content\/uploads\/sites\/2\/2026\/01\/Lebek-1229x1536.jpg 1229w, https:\/\/activeteam.zmm-maxpol.pl\/wp-content\/uploads\/sites\/2\/2026\/01\/Lebek-1638x2048.jpg 1638w, https:\/\/activeteam.zmm-maxpol.pl\/wp-content\/uploads\/sites\/2\/2026\/01\/Lebek-102x128.jpg 102w, https:\/\/activeteam.zmm-maxpol.pl\/wp-content\/uploads\/sites\/2\/2026\/01\/Lebek-26x32.jpg 26w, https:\/\/activeteam.zmm-maxpol.pl\/wp-content\/uploads\/sites\/2\/2026\/01\/Lebek.jpg 2000w\" sizes=\"(max-width: 640px) 100vw, 640px\" \/>                            <\/a>\n                                                            <div class=\"number\">4<\/div>\n                            \n                                                    <\/div>\n                        <div class=\"profile\">\n                            <p class=\"position\">Zawodnik<\/p>                            <a href=\"https:\/\/activeteam.zmm-maxpol.pl\/en\/zawodnicy\/kacper-lebek\/\" class=\"name\">Kacper \u0141ebek<\/a>\n                        <\/div>\n                    <\/div>\n                <\/div>\n            \n                <div class=\"col-xl-3 col-md-4 col-sm-6\">\n                    <div class=\"team-wraper\">\n                        <div class=\"player-card\">\n                            <a class=\"image\" href=\"https:\/\/activeteam.zmm-maxpol.pl\/en\/zawodnicy\/rychko-mykola\/\">\n                                <img loading=\"lazy\" decoding=\"async\" width=\"640\" height=\"800\" src=\"https:\/\/activeteam.zmm-maxpol.pl\/wp-content\/uploads\/sites\/2\/2026\/01\/Mykola-819x1024.png\" class=\"attachment-large size-large wp-post-image\" alt=\"\" srcset=\"https:\/\/activeteam.zmm-maxpol.pl\/wp-content\/uploads\/sites\/2\/2026\/01\/Mykola-819x1024.png 819w, https:\/\/activeteam.zmm-maxpol.pl\/wp-content\/uploads\/sites\/2\/2026\/01\/Mykola-240x300.png 240w, https:\/\/activeteam.zmm-maxpol.pl\/wp-content\/uploads\/sites\/2\/2026\/01\/Mykola-768x960.png 768w, https:\/\/activeteam.zmm-maxpol.pl\/wp-content\/uploads\/sites\/2\/2026\/01\/Mykola-1229x1536.png 1229w, https:\/\/activeteam.zmm-maxpol.pl\/wp-content\/uploads\/sites\/2\/2026\/01\/Mykola-102x128.png 102w, https:\/\/activeteam.zmm-maxpol.pl\/wp-content\/uploads\/sites\/2\/2026\/01\/Mykola-26x32.png 26w, https:\/\/activeteam.zmm-maxpol.pl\/wp-content\/uploads\/sites\/2\/2026\/01\/Mykola.png 1600w\" sizes=\"(max-width: 640px) 100vw, 640px\" \/>                            <\/a>\n                                                            <div class=\"number\">12<\/div>\n                            \n                                                    <\/div>\n                        <div class=\"profile\">\n                            <p class=\"position\">Zawodnik<\/p>                            <a href=\"https:\/\/activeteam.zmm-maxpol.pl\/en\/zawodnicy\/rychko-mykola\/\" class=\"name\">Rychko Mykola<\/a>\n                        <\/div>\n                    <\/div>\n                <\/div>\n            \n                <div class=\"col-xl-3 col-md-4 col-sm-6\">\n                    <div class=\"team-wraper\">\n                        <div class=\"player-card\">\n                            <a class=\"image\" href=\"https:\/\/activeteam.zmm-maxpol.pl\/en\/zawodnicy\/kamil-rebisz\/\">\n                                <img loading=\"lazy\" decoding=\"async\" width=\"640\" height=\"800\" src=\"https:\/\/activeteam.zmm-maxpol.pl\/wp-content\/uploads\/sites\/2\/2026\/01\/Kopacz-819x1024.jpg\" class=\"attachment-large size-large wp-post-image\" alt=\"\" srcset=\"https:\/\/activeteam.zmm-maxpol.pl\/wp-content\/uploads\/sites\/2\/2026\/01\/Kopacz-819x1024.jpg 819w, https:\/\/activeteam.zmm-maxpol.pl\/wp-content\/uploads\/sites\/2\/2026\/01\/Kopacz-240x300.jpg 240w, https:\/\/activeteam.zmm-maxpol.pl\/wp-content\/uploads\/sites\/2\/2026\/01\/Kopacz-768x960.jpg 768w, https:\/\/activeteam.zmm-maxpol.pl\/wp-content\/uploads\/sites\/2\/2026\/01\/Kopacz-1229x1536.jpg 1229w, https:\/\/activeteam.zmm-maxpol.pl\/wp-content\/uploads\/sites\/2\/2026\/01\/Kopacz-1638x2048.jpg 1638w, https:\/\/activeteam.zmm-maxpol.pl\/wp-content\/uploads\/sites\/2\/2026\/01\/Kopacz-102x128.jpg 102w, https:\/\/activeteam.zmm-maxpol.pl\/wp-content\/uploads\/sites\/2\/2026\/01\/Kopacz-26x32.jpg 26w, https:\/\/activeteam.zmm-maxpol.pl\/wp-content\/uploads\/sites\/2\/2026\/01\/Kopacz.jpg 2048w\" sizes=\"(max-width: 640px) 100vw, 640px\" \/>                            <\/a>\n                                                            <div class=\"number\">9<\/div>\n                            \n                                                    <\/div>\n                        <div class=\"profile\">\n                            <p class=\"position\">Zawodnik<\/p>                            <a href=\"https:\/\/activeteam.zmm-maxpol.pl\/en\/zawodnicy\/kamil-rebisz\/\" class=\"name\">Kamil R\u0119bisz<\/a>\n                        <\/div>\n                    <\/div>\n                <\/div>\n            \n                <div class=\"col-xl-3 col-md-4 col-sm-6\">\n                    <div class=\"team-wraper\">\n                        <div class=\"player-card\">\n                            <a class=\"image\" href=\"https:\/\/activeteam.zmm-maxpol.pl\/en\/zawodnicy\/piotr-guzek\/\">\n                                <img loading=\"lazy\" decoding=\"async\" width=\"640\" height=\"800\" src=\"https:\/\/activeteam.zmm-maxpol.pl\/wp-content\/uploads\/sites\/2\/2026\/01\/Guzek-1-819x1024.png\" class=\"attachment-large size-large wp-post-image\" alt=\"\" srcset=\"https:\/\/activeteam.zmm-maxpol.pl\/wp-content\/uploads\/sites\/2\/2026\/01\/Guzek-1-819x1024.png 819w, https:\/\/activeteam.zmm-maxpol.pl\/wp-content\/uploads\/sites\/2\/2026\/01\/Guzek-1-240x300.png 240w, https:\/\/activeteam.zmm-maxpol.pl\/wp-content\/uploads\/sites\/2\/2026\/01\/Guzek-1-768x960.png 768w, https:\/\/activeteam.zmm-maxpol.pl\/wp-content\/uploads\/sites\/2\/2026\/01\/Guzek-1-1229x1536.png 1229w, https:\/\/activeteam.zmm-maxpol.pl\/wp-content\/uploads\/sites\/2\/2026\/01\/Guzek-1-102x128.png 102w, https:\/\/activeteam.zmm-maxpol.pl\/wp-content\/uploads\/sites\/2\/2026\/01\/Guzek-1-26x32.png 26w, https:\/\/activeteam.zmm-maxpol.pl\/wp-content\/uploads\/sites\/2\/2026\/01\/Guzek-1.png 1600w\" sizes=\"(max-width: 640px) 100vw, 640px\" \/>                            <\/a>\n                                                            <div class=\"number\">6<\/div>\n                            \n                                                    <\/div>\n                        <div class=\"profile\">\n                            <p class=\"position\">Zawodnik<\/p>                            <a href=\"https:\/\/activeteam.zmm-maxpol.pl\/en\/zawodnicy\/piotr-guzek\/\" class=\"name\">Piotr Guzek<\/a>\n                        <\/div>\n                    <\/div>\n                <\/div>\n            \n                <div class=\"col-xl-3 col-md-4 col-sm-6\">\n                    <div class=\"team-wraper\">\n                        <div class=\"player-card\">\n                            <a class=\"image\" href=\"https:\/\/activeteam.zmm-maxpol.pl\/en\/zawodnicy\/krzysztof-ryba\/\">\n                                <img loading=\"lazy\" decoding=\"async\" width=\"640\" height=\"800\" src=\"https:\/\/activeteam.zmm-maxpol.pl\/wp-content\/uploads\/sites\/2\/2026\/01\/Ryba-4-819x1024.jpg\" class=\"attachment-large size-large wp-post-image\" alt=\"\" srcset=\"https:\/\/activeteam.zmm-maxpol.pl\/wp-content\/uploads\/sites\/2\/2026\/01\/Ryba-4-819x1024.jpg 819w, https:\/\/activeteam.zmm-maxpol.pl\/wp-content\/uploads\/sites\/2\/2026\/01\/Ryba-4-240x300.jpg 240w, https:\/\/activeteam.zmm-maxpol.pl\/wp-content\/uploads\/sites\/2\/2026\/01\/Ryba-4-768x960.jpg 768w, https:\/\/activeteam.zmm-maxpol.pl\/wp-content\/uploads\/sites\/2\/2026\/01\/Ryba-4-1229x1536.jpg 1229w, https:\/\/activeteam.zmm-maxpol.pl\/wp-content\/uploads\/sites\/2\/2026\/01\/Ryba-4-102x128.jpg 102w, https:\/\/activeteam.zmm-maxpol.pl\/wp-content\/uploads\/sites\/2\/2026\/01\/Ryba-4-26x32.jpg 26w, https:\/\/activeteam.zmm-maxpol.pl\/wp-content\/uploads\/sites\/2\/2026\/01\/Ryba-4.jpg 1638w\" sizes=\"(max-width: 640px) 100vw, 640px\" \/>                            <\/a>\n                                                            <div class=\"number\">3<\/div>\n                            \n                                                    <\/div>\n                        <div class=\"profile\">\n                            <p class=\"position\">Zawodnik<\/p>                            <a href=\"https:\/\/activeteam.zmm-maxpol.pl\/en\/zawodnicy\/krzysztof-ryba\/\" class=\"name\">Krzysztof Ryba<\/a>\n                        <\/div>\n                    <\/div>\n                <\/div>\n            \n                <div class=\"col-xl-3 col-md-4 col-sm-6\">\n                    <div class=\"team-wraper\">\n                        <div class=\"player-card\">\n                            <a class=\"image\" href=\"https:\/\/activeteam.zmm-maxpol.pl\/en\/zawodnicy\/ryszard-rokosz\/\">\n                                <img loading=\"lazy\" decoding=\"async\" width=\"640\" height=\"800\" src=\"https:\/\/activeteam.zmm-maxpol.pl\/wp-content\/uploads\/sites\/2\/2026\/01\/Rokosz-819x1024.png\" class=\"attachment-large size-large wp-post-image\" alt=\"\" srcset=\"https:\/\/activeteam.zmm-maxpol.pl\/wp-content\/uploads\/sites\/2\/2026\/01\/Rokosz-819x1024.png 819w, https:\/\/activeteam.zmm-maxpol.pl\/wp-content\/uploads\/sites\/2\/2026\/01\/Rokosz-240x300.png 240w, https:\/\/activeteam.zmm-maxpol.pl\/wp-content\/uploads\/sites\/2\/2026\/01\/Rokosz-768x960.png 768w, https:\/\/activeteam.zmm-maxpol.pl\/wp-content\/uploads\/sites\/2\/2026\/01\/Rokosz-1229x1536.png 1229w, https:\/\/activeteam.zmm-maxpol.pl\/wp-content\/uploads\/sites\/2\/2026\/01\/Rokosz-1638x2048.png 1638w, https:\/\/activeteam.zmm-maxpol.pl\/wp-content\/uploads\/sites\/2\/2026\/01\/Rokosz-102x128.png 102w, https:\/\/activeteam.zmm-maxpol.pl\/wp-content\/uploads\/sites\/2\/2026\/01\/Rokosz-26x32.png 26w, https:\/\/activeteam.zmm-maxpol.pl\/wp-content\/uploads\/sites\/2\/2026\/01\/Rokosz.png 2000w\" sizes=\"(max-width: 640px) 100vw, 640px\" \/>                            <\/a>\n                                                            <div class=\"number\">13<\/div>\n                            \n                                                    <\/div>\n                        <div class=\"profile\">\n                            <p class=\"position\">Zawodnik<\/p>                            <a href=\"https:\/\/activeteam.zmm-maxpol.pl\/en\/zawodnicy\/ryszard-rokosz\/\" class=\"name\">Ryszard Rokosz<\/a>\n                        <\/div>\n                    <\/div>\n                <\/div>\n            \n                <div class=\"col-xl-3 col-md-4 col-sm-6\">\n                    <div class=\"team-wraper\">\n                        <div class=\"player-card\">\n                            <a class=\"image\" href=\"https:\/\/activeteam.zmm-maxpol.pl\/en\/zawodnicy\/dawid-kilianski\/\">\n                                <img loading=\"lazy\" decoding=\"async\" width=\"640\" height=\"800\" src=\"https:\/\/activeteam.zmm-maxpol.pl\/wp-content\/uploads\/sites\/2\/2025\/01\/Zawodnik-2-1-819x1024.jpg\" class=\"attachment-large size-large wp-post-image\" alt=\"\" srcset=\"https:\/\/activeteam.zmm-maxpol.pl\/wp-content\/uploads\/sites\/2\/2025\/01\/Zawodnik-2-1-819x1024.jpg 819w, https:\/\/activeteam.zmm-maxpol.pl\/wp-content\/uploads\/sites\/2\/2025\/01\/Zawodnik-2-1-240x300.jpg 240w, https:\/\/activeteam.zmm-maxpol.pl\/wp-content\/uploads\/sites\/2\/2025\/01\/Zawodnik-2-1-768x960.jpg 768w, https:\/\/activeteam.zmm-maxpol.pl\/wp-content\/uploads\/sites\/2\/2025\/01\/Zawodnik-2-1-1229x1536.jpg 1229w, https:\/\/activeteam.zmm-maxpol.pl\/wp-content\/uploads\/sites\/2\/2025\/01\/Zawodnik-2-1-102x128.jpg 102w, https:\/\/activeteam.zmm-maxpol.pl\/wp-content\/uploads\/sites\/2\/2025\/01\/Zawodnik-2-1-26x32.jpg 26w, https:\/\/activeteam.zmm-maxpol.pl\/wp-content\/uploads\/sites\/2\/2025\/01\/Zawodnik-2-1.jpg 1500w\" sizes=\"(max-width: 640px) 100vw, 640px\" \/>                            <\/a>\n                                                            <div class=\"number\">6<\/div>\n                            \n                                                    <\/div>\n                        <div class=\"profile\">\n                            <p class=\"position\">Zawodnik<\/p>                            <a href=\"https:\/\/activeteam.zmm-maxpol.pl\/en\/zawodnicy\/dawid-kilianski\/\" class=\"name\">Dawid Kilia\u0144ski<\/a>\n                        <\/div>\n                    <\/div>\n                <\/div>\n            \n                <div class=\"col-xl-3 col-md-4 col-sm-6\">\n                    <div class=\"team-wraper\">\n                        <div class=\"player-card\">\n                            <a class=\"image\" href=\"https:\/\/activeteam.zmm-maxpol.pl\/en\/zawodnicy\/pawel-odrzywolski\/\">\n                                <img loading=\"lazy\" decoding=\"async\" width=\"640\" height=\"800\" src=\"https:\/\/activeteam.zmm-maxpol.pl\/wp-content\/uploads\/sites\/2\/2025\/01\/zawodnik-1-1-819x1024.jpg\" class=\"attachment-large size-large wp-post-image\" alt=\"\" srcset=\"https:\/\/activeteam.zmm-maxpol.pl\/wp-content\/uploads\/sites\/2\/2025\/01\/zawodnik-1-1-819x1024.jpg 819w, https:\/\/activeteam.zmm-maxpol.pl\/wp-content\/uploads\/sites\/2\/2025\/01\/zawodnik-1-1-240x300.jpg 240w, https:\/\/activeteam.zmm-maxpol.pl\/wp-content\/uploads\/sites\/2\/2025\/01\/zawodnik-1-1-768x960.jpg 768w, https:\/\/activeteam.zmm-maxpol.pl\/wp-content\/uploads\/sites\/2\/2025\/01\/zawodnik-1-1-1229x1536.jpg 1229w, https:\/\/activeteam.zmm-maxpol.pl\/wp-content\/uploads\/sites\/2\/2025\/01\/zawodnik-1-1-102x128.jpg 102w, https:\/\/activeteam.zmm-maxpol.pl\/wp-content\/uploads\/sites\/2\/2025\/01\/zawodnik-1-1-26x32.jpg 26w, https:\/\/activeteam.zmm-maxpol.pl\/wp-content\/uploads\/sites\/2\/2025\/01\/zawodnik-1-1.jpg 1500w\" sizes=\"(max-width: 640px) 100vw, 640px\" \/>                            <\/a>\n                                                            <div class=\"number\">21<\/div>\n                            \n                                                    <\/div>\n                        <div class=\"profile\">\n                            <p class=\"position\">Zawodnik<\/p>                            <a href=\"https:\/\/activeteam.zmm-maxpol.pl\/en\/zawodnicy\/pawel-odrzywolski\/\" class=\"name\">Pawe\u0142 Odrzywolski<\/a>\n                        <\/div>\n                    <\/div>\n                <\/div>\n                    <\/div>\n    <\/div>\n<\/div>\t\t\t\t<\/div>\n\t\t\t\t<\/div>\n\t\t\t\t\t<\/div>\n\t\t\t\t<\/div>\n\t\t<div class=\"elementor-element elementor-element-b0e17ac e-flex e-con-boxed e-con e-parent\" data-id=\"b0e17ac\" data-element_type=\"container\" data-e-type=\"container\">\n\t\t\t\t\t<div class=\"e-con-inner\">\n\t\t\t\t\t<\/div>\n\t\t\t\t<\/div>\n\t\t<div class=\"elementor-element elementor-element-2ddf73b e-flex e-con-boxed e-con e-parent\" data-id=\"2ddf73b\" data-element_type=\"container\" data-e-type=\"container\">\n\t\t\t\t\t<div class=\"e-con-inner\">\n\t\t<div class=\"elementor-element elementor-element-df3d06a e-con-full e-flex e-con e-child\" data-id=\"df3d06a\" data-element_type=\"container\" data-e-type=\"container\">\n\t\t\t\t<div class=\"elementor-element elementor-element-b15b8a4 elementor-widget elementor-widget-rt-staff-member\" data-id=\"b15b8a4\" data-element_type=\"widget\" data-e-type=\"widget\" data-widget_type=\"rt-staff-member.default\">\n\t\t\t\t<div class=\"elementor-widget-container\">\n\t\t\t\t\t\t\r\n\r\n\t<div class=\"rs-team-grid rts-staff-member-details rs-team  rsaddon_pro_box\">\n    <div class=\"row\">\n        <div class=\"sportspress\">\t<h3 class=\"sp-staff-name\"><strong class=\"sp-staff-role\">Rehabilitant<\/strong> Les\u0142aw Maciejczyk<\/h3>\n\t\t<div class=\"sp-template sp-template-staff-photo sp-template-photo sp-staff-photo\">\n\t\t<img loading=\"lazy\" decoding=\"async\" width=\"240\" height=\"300\" src=\"https:\/\/activeteam.zmm-maxpol.pl\/wp-content\/uploads\/sites\/2\/2024\/11\/fizjotera-240x300.jpg\" class=\"attachment-sportspress-fit-medium size-sportspress-fit-medium wp-post-image\" alt=\"\" srcset=\"https:\/\/activeteam.zmm-maxpol.pl\/wp-content\/uploads\/sites\/2\/2024\/11\/fizjotera-240x300.jpg 240w, https:\/\/activeteam.zmm-maxpol.pl\/wp-content\/uploads\/sites\/2\/2024\/11\/fizjotera-819x1024.jpg 819w, https:\/\/activeteam.zmm-maxpol.pl\/wp-content\/uploads\/sites\/2\/2024\/11\/fizjotera-768x960.jpg 768w, https:\/\/activeteam.zmm-maxpol.pl\/wp-content\/uploads\/sites\/2\/2024\/11\/fizjotera-1229x1536.jpg 1229w, https:\/\/activeteam.zmm-maxpol.pl\/wp-content\/uploads\/sites\/2\/2024\/11\/fizjotera-102x128.jpg 102w, https:\/\/activeteam.zmm-maxpol.pl\/wp-content\/uploads\/sites\/2\/2024\/11\/fizjotera-26x32.jpg 26w, https:\/\/activeteam.zmm-maxpol.pl\/wp-content\/uploads\/sites\/2\/2024\/11\/fizjotera.jpg 1600w\" sizes=\"(max-width: 240px) 100vw, 240px\" \/>\t<\/div>\n\t<div class=\"sp-template sp-template-staff-details sp-template-details staff-details-single\">\n\t<div class=\"sp-list-wrapper\"><ul class=\"sp-staff-details\"><li><span class=\"key\">Nationality<\/span><span class=\"value\"><img decoding=\"async\" src=\"https:\/\/activeteam.zmm-maxpol.pl\/wp-content\/plugins\/sportspress-pro\/includes\/sportspress\/assets\/images\/flags\/pol.png\" alt=\"pol\">Poland<\/span><\/li><\/ul><\/div><\/div><div class=\"sp-template sp-template-staff-contacts sp-template-details\"><div class=\"sp-list-wrapper\"><dl class=\"sp-staff-details sp-staff-contact\"><\/dl><\/div><\/div><\/div>    <\/div>\n<\/div>\t\t\t\t<\/div>\n\t\t\t\t<\/div>\n\t\t\t\t<\/div>\n\t\t<div class=\"elementor-element elementor-element-3c32cd9 e-con-full e-flex e-con e-child\" data-id=\"3c32cd9\" data-element_type=\"container\" data-e-type=\"container\">\n\t\t\t\t<div class=\"elementor-element elementor-element-d6bda98 elementor-widget__width-inherit elementor-widget elementor-widget-rt-staff-member\" data-id=\"d6bda98\" data-element_type=\"widget\" data-e-type=\"widget\" data-widget_type=\"rt-staff-member.default\">\n\t\t\t\t<div class=\"elementor-widget-container\">\n\t\t\t\t\t\t\r\n\r\n\t<div class=\"rs-team-grid rts-staff-member-details rs-team  rsaddon_pro_box\">\n    <div class=\"row\">\n        <div class=\"sportspress\">\t<h3 class=\"sp-staff-name\"><strong class=\"sp-staff-role\">Trener<\/strong> Karol Wilk<\/h3>\n\t\t<div class=\"sp-template sp-template-staff-photo sp-template-photo sp-staff-photo\">\n\t\t<img loading=\"lazy\" decoding=\"async\" width=\"240\" height=\"300\" src=\"https:\/\/activeteam.zmm-maxpol.pl\/wp-content\/uploads\/sites\/2\/2025\/01\/Karol-Wilk-240x300.png\" class=\"attachment-sportspress-fit-medium size-sportspress-fit-medium wp-post-image\" alt=\"\" srcset=\"https:\/\/activeteam.zmm-maxpol.pl\/wp-content\/uploads\/sites\/2\/2025\/01\/Karol-Wilk-240x300.png 240w, https:\/\/activeteam.zmm-maxpol.pl\/wp-content\/uploads\/sites\/2\/2025\/01\/Karol-Wilk-819x1024.png 819w, https:\/\/activeteam.zmm-maxpol.pl\/wp-content\/uploads\/sites\/2\/2025\/01\/Karol-Wilk-768x960.png 768w, https:\/\/activeteam.zmm-maxpol.pl\/wp-content\/uploads\/sites\/2\/2025\/01\/Karol-Wilk-1229x1536.png 1229w, https:\/\/activeteam.zmm-maxpol.pl\/wp-content\/uploads\/sites\/2\/2025\/01\/Karol-Wilk-1638x2048.png 1638w, https:\/\/activeteam.zmm-maxpol.pl\/wp-content\/uploads\/sites\/2\/2025\/01\/Karol-Wilk-102x128.png 102w, https:\/\/activeteam.zmm-maxpol.pl\/wp-content\/uploads\/sites\/2\/2025\/01\/Karol-Wilk-26x32.png 26w, https:\/\/activeteam.zmm-maxpol.pl\/wp-content\/uploads\/sites\/2\/2025\/01\/Karol-Wilk.png 2000w\" sizes=\"(max-width: 240px) 100vw, 240px\" \/>\t<\/div>\n\t<div class=\"sp-template sp-template-staff-details sp-template-details staff-details-single\">\n\t<div class=\"sp-list-wrapper\"><ul class=\"sp-staff-details\"><li><span class=\"key\">Nationality<\/span><span class=\"value\"><img decoding=\"async\" src=\"https:\/\/activeteam.zmm-maxpol.pl\/wp-content\/plugins\/sportspress-pro\/includes\/sportspress\/assets\/images\/flags\/pol.png\" alt=\"pol\">Poland<\/span><\/li><\/ul><\/div><\/div><div class=\"sp-template sp-template-staff-contacts sp-template-details\"><div class=\"sp-list-wrapper\"><dl class=\"sp-staff-details sp-staff-contact\"><\/dl><\/div><\/div><\/div>    <\/div>\n<\/div>\t\t\t\t<\/div>\n\t\t\t\t<\/div>\n\t\t\t\t<\/div>\n\t\t<div class=\"elementor-element elementor-element-296ba59 e-con-full e-flex e-con e-child\" data-id=\"296ba59\" data-element_type=\"container\" data-e-type=\"container\">\n\t\t\t\t<div class=\"elementor-element elementor-element-c7ab8a8 elementor-widget elementor-widget-rt-staff-member\" data-id=\"c7ab8a8\" data-element_type=\"widget\" data-e-type=\"widget\" data-widget_type=\"rt-staff-member.default\">\n\t\t\t\t<div class=\"elementor-widget-container\">\n\t\t\t\t\t\t\r\n\r\n\t<div class=\"rs-team-grid rts-staff-member-details rs-team  rsaddon_pro_box\">\n    <div class=\"row\">\n        <div class=\"sportspress\">\t<h3 class=\"sp-staff-name\"><strong class=\"sp-staff-role\">Kierownik dru\u017cyny<\/strong> Jakub Fory\u015b<\/h3>\n\t\t<div class=\"sp-template sp-template-staff-photo sp-template-photo sp-staff-photo\">\n\t\t<img loading=\"lazy\" decoding=\"async\" width=\"240\" height=\"300\" src=\"https:\/\/activeteam.zmm-maxpol.pl\/wp-content\/uploads\/sites\/2\/2024\/11\/kuba-f2-min-240x300.png\" class=\"attachment-sportspress-fit-medium size-sportspress-fit-medium wp-post-image\" alt=\"\" srcset=\"https:\/\/activeteam.zmm-maxpol.pl\/wp-content\/uploads\/sites\/2\/2024\/11\/kuba-f2-min-240x300.png 240w, https:\/\/activeteam.zmm-maxpol.pl\/wp-content\/uploads\/sites\/2\/2024\/11\/kuba-f2-min-819x1024.png 819w, https:\/\/activeteam.zmm-maxpol.pl\/wp-content\/uploads\/sites\/2\/2024\/11\/kuba-f2-min-768x960.png 768w, https:\/\/activeteam.zmm-maxpol.pl\/wp-content\/uploads\/sites\/2\/2024\/11\/kuba-f2-min-1229x1536.png 1229w, https:\/\/activeteam.zmm-maxpol.pl\/wp-content\/uploads\/sites\/2\/2024\/11\/kuba-f2-min-1638x2048.png 1638w, https:\/\/activeteam.zmm-maxpol.pl\/wp-content\/uploads\/sites\/2\/2024\/11\/kuba-f2-min-102x128.png 102w, https:\/\/activeteam.zmm-maxpol.pl\/wp-content\/uploads\/sites\/2\/2024\/11\/kuba-f2-min-26x32.png 26w, https:\/\/activeteam.zmm-maxpol.pl\/wp-content\/uploads\/sites\/2\/2024\/11\/kuba-f2-min.png 2000w\" sizes=\"(max-width: 240px) 100vw, 240px\" \/>\t<\/div>\n\t<div class=\"sp-template sp-template-staff-details sp-template-details staff-details-single\">\n\t<div class=\"sp-list-wrapper\"><ul class=\"sp-staff-details\"><li><span class=\"key\">Nationality<\/span><span class=\"value\"><img decoding=\"async\" src=\"https:\/\/activeteam.zmm-maxpol.pl\/wp-content\/plugins\/sportspress-pro\/includes\/sportspress\/assets\/images\/flags\/pol.png\" alt=\"pol\">Poland<\/span><\/li><\/ul><\/div><\/div><div class=\"sp-template sp-template-staff-contacts sp-template-details\"><div class=\"sp-list-wrapper\"><dl class=\"sp-staff-details sp-staff-contact\"><\/dl><\/div><\/div><\/div>    <\/div>\n<\/div>\t\t\t\t<\/div>\n\t\t\t\t<\/div>\n\t\t\t\t<\/div>\n\t\t\t\t\t<\/div>\n\t\t\t\t<\/div>\n\t\t\t\t<\/div>\n\t\t","protected":false},"excerpt":{"rendered":"<p>ZMM MAXPOL 2025\/2026 77 Bramkarz Karol Wierzbicki 25 Bramkarz Krystian Ostrowski 1 Bramkarz Dominik Niemczyk 69 Bramkarz Grzegorz Magdo\u0144 16 Zawodnik Dawid Iskra 7 Zawodnik Jan Iskra 19 Zawodnik Mateusz Szaszowski 14 Zawodnik Daniel Iskra 10 Zawodnik Bart\u0142omiej Le\u015b 15 Zawodnik Grzegorz Depta 97 Zawodnik Jakub Pszonka 20 Zawodnik Damian Rak 20 Zawodnik Pawe\u0142 Hawrylak&#8230;<\/p>\n","protected":false},"author":5,"featured_media":0,"parent":0,"menu_order":0,"comment_status":"closed","ping_status":"closed","template":"","meta":{"footnotes":""},"class_list":["post-3505","page","type-page","status-publish","hentry"],"yoast_head":"<!-- This site is optimized with the Yoast SEO Premium plugin v26.9 (Yoast SEO v26.9) - https:\/\/yoast.com\/product\/yoast-seo-premium-wordpress\/ -->\n<title>Dru\u017cyna ZMM Maxpol<\/title>\n<meta name=\"description\" content=\"Dru\u017cyna ZMM Maxpol\" \/>\n<meta name=\"robots\" content=\"index, follow, max-snippet:-1, max-image-preview:large, max-video-preview:-1\" \/>\n<link rel=\"canonical\" href=\"https:\/\/activeteam.zmm-maxpol.pl\/druzyna\/\" \/>\n<meta property=\"og:locale\" content=\"en_US\" \/>\n<meta property=\"og:type\" content=\"article\" \/>\n<meta property=\"og:title\" content=\"Dru\u017cyna\" \/>\n<meta property=\"og:description\" content=\"Dru\u017cyna ZMM Maxpol\" \/>\n<meta property=\"og:url\" content=\"https:\/\/activeteam.zmm-maxpol.pl\/druzyna\/\" \/>\n<meta property=\"og:site_name\" content=\"ZMM MAXPOL ACTIVE TEAM RZESZ\u00d3W\" \/>\n<meta property=\"article:publisher\" content=\"https:\/\/www.facebook.com\/zmmmaxpol\" \/>\n<meta property=\"article:modified_time\" content=\"2026-01-15T09:45:22+00:00\" \/>\n<meta property=\"og:image\" content=\"https:\/\/activeteam.zmm-maxpol.pl\/wp-content\/uploads\/sites\/2\/2026\/01\/1-17.jpg\" \/>\n\t<meta property=\"og:image:width\" content=\"2500\" \/>\n\t<meta property=\"og:image:height\" content=\"1406\" \/>\n\t<meta property=\"og:image:type\" content=\"image\/jpeg\" \/>\n<meta name=\"twitter:card\" content=\"summary_large_image\" \/>\n<meta name=\"twitter:label1\" content=\"Est. reading time\" \/>\n\t<meta name=\"twitter:data1\" content=\"9 minutes\" \/>\n<script type=\"application\/ld+json\" class=\"yoast-schema-graph\">{\"@context\":\"https:\/\/schema.org\",\"@graph\":[{\"@type\":\"WebPage\",\"@id\":\"https:\/\/activeteam.zmm-maxpol.pl\/druzyna\/\",\"url\":\"https:\/\/activeteam.zmm-maxpol.pl\/druzyna\/\",\"name\":\"Dru\u017cyna ZMM Maxpol\",\"isPartOf\":{\"@id\":\"https:\/\/activeteam.zmm-maxpol.pl\/#website\"},\"primaryImageOfPage\":{\"@id\":\"https:\/\/activeteam.zmm-maxpol.pl\/druzyna\/#primaryimage\"},\"image\":{\"@id\":\"https:\/\/activeteam.zmm-maxpol.pl\/druzyna\/#primaryimage\"},\"thumbnailUrl\":\"http:\/\/activeteam.zmm-maxpol.pl\/wp-content\/uploads\/sites\/2\/2026\/01\/1-17.jpg\",\"datePublished\":\"2023-06-04T09:06:56+00:00\",\"dateModified\":\"2026-01-15T09:45:22+00:00\",\"description\":\"Dru\u017cyna ZMM Maxpol\",\"breadcrumb\":{\"@id\":\"https:\/\/activeteam.zmm-maxpol.pl\/druzyna\/#breadcrumb\"},\"inLanguage\":\"en-US\",\"potentialAction\":[{\"@type\":\"ReadAction\",\"target\":[\"https:\/\/activeteam.zmm-maxpol.pl\/druzyna\/\"]}]},{\"@type\":\"ImageObject\",\"inLanguage\":\"en-US\",\"@id\":\"https:\/\/activeteam.zmm-maxpol.pl\/druzyna\/#primaryimage\",\"url\":\"http:\/\/activeteam.zmm-maxpol.pl\/wp-content\/uploads\/sites\/2\/2026\/01\/1-17.jpg\",\"contentUrl\":\"http:\/\/activeteam.zmm-maxpol.pl\/wp-content\/uploads\/sites\/2\/2026\/01\/1-17.jpg\"},{\"@type\":\"BreadcrumbList\",\"@id\":\"https:\/\/activeteam.zmm-maxpol.pl\/druzyna\/#breadcrumb\",\"itemListElement\":[{\"@type\":\"ListItem\",\"position\":1,\"name\":\"Strona g\u0142\u00f3wna\",\"item\":\"https:\/\/activeteam.zmm-maxpol.pl\/\"},{\"@type\":\"ListItem\",\"position\":2,\"name\":\"Dru\u017cyna\"}]},{\"@type\":\"WebSite\",\"@id\":\"https:\/\/activeteam.zmm-maxpol.pl\/#website\",\"url\":\"https:\/\/activeteam.zmm-maxpol.pl\/\",\"name\":\"ZMM MAXPOL ACTIVE TEAM RZESZ\u00d3W\",\"description\":\"\",\"publisher\":{\"@id\":\"https:\/\/activeteam.zmm-maxpol.pl\/#organization\"},\"alternateName\":\"ZMM MAXPOL RZESZ\u00d3W\",\"potentialAction\":[{\"@type\":\"SearchAction\",\"target\":{\"@type\":\"EntryPoint\",\"urlTemplate\":\"https:\/\/activeteam.zmm-maxpol.pl\/?s={search_term_string}\"},\"query-input\":{\"@type\":\"PropertyValueSpecification\",\"valueRequired\":true,\"valueName\":\"search_term_string\"}}],\"inLanguage\":\"en-US\"},{\"@type\":\"Organization\",\"@id\":\"https:\/\/activeteam.zmm-maxpol.pl\/#organization\",\"name\":\"ZMM MAXPOL ACTIVE TEAM RZESZ\u00d3W\",\"url\":\"https:\/\/activeteam.zmm-maxpol.pl\/\",\"logo\":{\"@type\":\"ImageObject\",\"inLanguage\":\"en-US\",\"@id\":\"https:\/\/activeteam.zmm-maxpol.pl\/#\/schema\/logo\/image\/\",\"url\":\"https:\/\/activeteam.zmm-maxpol.pl\/wp-content\/uploads\/sites\/2\/2024\/11\/Logo3-1.png\",\"contentUrl\":\"https:\/\/activeteam.zmm-maxpol.pl\/wp-content\/uploads\/sites\/2\/2024\/11\/Logo3-1.png\",\"width\":1000,\"height\":1000,\"caption\":\"ZMM MAXPOL ACTIVE TEAM RZESZ\u00d3W\"},\"image\":{\"@id\":\"https:\/\/activeteam.zmm-maxpol.pl\/#\/schema\/logo\/image\/\"},\"sameAs\":[\"https:\/\/www.facebook.com\/zmmmaxpol\"],\"description\":\"Firmowa dru\u017cyna ZMM MAXPOL\",\"email\":\"activeteam@zmm-maxpol.pl\",\"foundingDate\":\"2019-11-01\",\"vatID\":\"PL5170383818\",\"numberOfEmployees\":{\"@type\":\"QuantitativeValue\",\"minValue\":\"201\",\"maxValue\":\"500\"}}]}<\/script>\n<!-- \/ Yoast SEO Premium plugin. -->","yoast_head_json":{"title":"Dru\u017cyna ZMM Maxpol","description":"Dru\u017cyna ZMM Maxpol","robots":{"index":"index","follow":"follow","max-snippet":"max-snippet:-1","max-image-preview":"max-image-preview:large","max-video-preview":"max-video-preview:-1"},"canonical":"https:\/\/activeteam.zmm-maxpol.pl\/druzyna\/","og_locale":"en_US","og_type":"article","og_title":"[:pl]Dru\u017cyna[:]","og_description":"Dru\u017cyna ZMM Maxpol","og_url":"https:\/\/activeteam.zmm-maxpol.pl\/druzyna\/","og_site_name":"ZMM MAXPOL ACTIVE TEAM RZESZ\u00d3W","article_publisher":"https:\/\/www.facebook.com\/zmmmaxpol","article_modified_time":"2026-01-15T09:45:22+00:00","og_image":[{"width":2500,"height":1406,"url":"https:\/\/activeteam.zmm-maxpol.pl\/wp-content\/uploads\/sites\/2\/2026\/01\/1-17.jpg","type":"image\/jpeg"}],"twitter_card":"summary_large_image","twitter_misc":{"Est. reading time":"9 minutes"},"schema":{"@context":"https:\/\/schema.org","@graph":[{"@type":"WebPage","@id":"https:\/\/activeteam.zmm-maxpol.pl\/druzyna\/","url":"https:\/\/activeteam.zmm-maxpol.pl\/druzyna\/","name":"Dru\u017cyna ZMM Maxpol","isPartOf":{"@id":"https:\/\/activeteam.zmm-maxpol.pl\/#website"},"primaryImageOfPage":{"@id":"https:\/\/activeteam.zmm-maxpol.pl\/druzyna\/#primaryimage"},"image":{"@id":"https:\/\/activeteam.zmm-maxpol.pl\/druzyna\/#primaryimage"},"thumbnailUrl":"http:\/\/activeteam.zmm-maxpol.pl\/wp-content\/uploads\/sites\/2\/2026\/01\/1-17.jpg","datePublished":"2023-06-04T09:06:56+00:00","dateModified":"2026-01-15T09:45:22+00:00","description":"Dru\u017cyna ZMM Maxpol","breadcrumb":{"@id":"https:\/\/activeteam.zmm-maxpol.pl\/druzyna\/#breadcrumb"},"inLanguage":"en-US","potentialAction":[{"@type":"ReadAction","target":["https:\/\/activeteam.zmm-maxpol.pl\/druzyna\/"]}]},{"@type":"ImageObject","inLanguage":"en-US","@id":"https:\/\/activeteam.zmm-maxpol.pl\/druzyna\/#primaryimage","url":"http:\/\/activeteam.zmm-maxpol.pl\/wp-content\/uploads\/sites\/2\/2026\/01\/1-17.jpg","contentUrl":"http:\/\/activeteam.zmm-maxpol.pl\/wp-content\/uploads\/sites\/2\/2026\/01\/1-17.jpg"},{"@type":"BreadcrumbList","@id":"https:\/\/activeteam.zmm-maxpol.pl\/druzyna\/#breadcrumb","itemListElement":[{"@type":"ListItem","position":1,"name":"Strona g\u0142\u00f3wna","item":"https:\/\/activeteam.zmm-maxpol.pl\/"},{"@type":"ListItem","position":2,"name":"Dru\u017cyna"}]},{"@type":"WebSite","@id":"https:\/\/activeteam.zmm-maxpol.pl\/#website","url":"https:\/\/activeteam.zmm-maxpol.pl\/","name":"ZMM MAXPOL ACTIVE TEAM RZESZ\u00d3W","description":"","publisher":{"@id":"https:\/\/activeteam.zmm-maxpol.pl\/#organization"},"alternateName":"ZMM MAXPOL RZESZ\u00d3W","potentialAction":[{"@type":"SearchAction","target":{"@type":"EntryPoint","urlTemplate":"https:\/\/activeteam.zmm-maxpol.pl\/?s={search_term_string}"},"query-input":{"@type":"PropertyValueSpecification","valueRequired":true,"valueName":"search_term_string"}}],"inLanguage":"en-US"},{"@type":"Organization","@id":"https:\/\/activeteam.zmm-maxpol.pl\/#organization","name":"ZMM MAXPOL ACTIVE TEAM RZESZ\u00d3W","url":"https:\/\/activeteam.zmm-maxpol.pl\/","logo":{"@type":"ImageObject","inLanguage":"en-US","@id":"https:\/\/activeteam.zmm-maxpol.pl\/#\/schema\/logo\/image\/","url":"https:\/\/activeteam.zmm-maxpol.pl\/wp-content\/uploads\/sites\/2\/2024\/11\/Logo3-1.png","contentUrl":"https:\/\/activeteam.zmm-maxpol.pl\/wp-content\/uploads\/sites\/2\/2024\/11\/Logo3-1.png","width":1000,"height":1000,"caption":"ZMM MAXPOL ACTIVE TEAM RZESZ\u00d3W"},"image":{"@id":"https:\/\/activeteam.zmm-maxpol.pl\/#\/schema\/logo\/image\/"},"sameAs":["https:\/\/www.facebook.com\/zmmmaxpol"],"description":"Firmowa dru\u017cyna ZMM MAXPOL","email":"activeteam@zmm-maxpol.pl","foundingDate":"2019-11-01","vatID":"PL5170383818","numberOfEmployees":{"@type":"QuantitativeValue","minValue":"201","maxValue":"500"}}]}},"_links":{"self":[{"href":"https:\/\/activeteam.zmm-maxpol.pl\/en\/wp-json\/wp\/v2\/pages\/3505","targetHints":{"allow":["GET"]}}],"collection":[{"href":"https:\/\/activeteam.zmm-maxpol.pl\/en\/wp-json\/wp\/v2\/pages"}],"about":[{"href":"https:\/\/activeteam.zmm-maxpol.pl\/en\/wp-json\/wp\/v2\/types\/page"}],"author":[{"embeddable":true,"href":"https:\/\/activeteam.zmm-maxpol.pl\/en\/wp-json\/wp\/v2\/users\/5"}],"replies":[{"embeddable":true,"href":"https:\/\/activeteam.zmm-maxpol.pl\/en\/wp-json\/wp\/v2\/comments?post=3505"}],"version-history":[{"count":0,"href":"https:\/\/activeteam.zmm-maxpol.pl\/en\/wp-json\/wp\/v2\/pages\/3505\/revisions"}],"wp:attachment":[{"href":"https:\/\/activeteam.zmm-maxpol.pl\/en\/wp-json\/wp\/v2\/media?parent=3505"}],"curies":[{"name":"wp","href":"https:\/\/api.w.org\/{rel}","templated":true}]}}